{"id":6901,"date":"2013-01-21T03:29:10","date_gmt":"2013-01-21T08:29:10","guid":{"rendered":"https:\/\/ostadelahi.com\/la-vita\/le-mostre\/celebrazione-del-centenario\/"},"modified":"2020-09-03T17:21:50","modified_gmt":"2020-09-03T22:21:50","slug":"celebrazione-del-centenario","status":"publish","type":"page","link":"https:\/\/ostadelahi.com\/it\/la-vita\/le-mostre\/celebrazione-del-centenario\/","title":{"rendered":"Celebrazione del Centenario"},"content":{"rendered":"<div class=\"fusion-fullwidth fullwidth-box fusion-builder-row-1 hundred-percent-fullwidth non-hundred-percent-height-scrolling\" style=\"--awb-border-radius-top-left:0px;--awb-border-radius-top-right:0px;--awb-border-radius-bottom-right:0px;--awb-border-radius-bottom-left:0px;--awb-overflow:visible;\" ><div class=\"fusion-builder-row fusion-row\"><div class=\"fusion-layout-column fusion_builder_column fusion-builder-column-0 fusion_builder_column_1_1 1_1 fusion-one-full fusion-column-first fusion-column-last\" style=\"--awb-bg-size:cover;\"><div class=\"fusion-column-wrapper fusion-flex-column-wrapper-legacy\"><div class=\"fusion-text fusion-text-1\"><p>Per commemorare il centenario della nascita di Ostad Elahi, si sono tenuti diversi simposi su larga scala, presso prestigiosi centri accademici d\u2019Europa e degli Stati Uniti, tra cui la Sorbona, la University of London, la New York University e la University of California Los Angeles. Autorit\u00e0 di spicco nel campo della scienza, della giurisprudenza, della letteratura, della teologia e della musica si sono riunite per riflettere sul tema \u201cSpiritualit\u00e0: Pluralit\u00e0 e Unit\u00e0\u201d attraverso decine di conferenze e tavole rotonde. Diversi gli argomenti di discussione: l\u2019unit\u00e0 delle religioni, l\u2019etica e la legge, scienza e spiritualit\u00e0, e le espressioni spirituali nel corso della storia. In concomitanza con le celebrazioni del centenario si \u00e8 anche tenuta una esaustiva e complessa mostra sulla vita e l\u2019opera di Ostad Elahi.<\/p>\n<h2 style=\"text-align: center;\">Mostra: The Life and Work of Ostad Elahi<\/h2>\n<h4 style=\"text-align: center;\">Chapelle de la Sorbonne, Paris<br \/>\n6 settembre \u2013 31 ottobre, 1995<\/h4>\n<p>Con il patrocinio dell\u2019Unesco e del Ministero della Cultura francese, e in collaborazione con l\u2019Accademia di Parigi, \u00e8 stata organizzata una mostra in occasione del centenario della nascita di Ostad Elahi, presso la Cappella della Sorbona di Parigi.<\/p>\n<p>Seguendo un ordine cronologico, la mostra \u00e8 stata suddivisa in tre sezioni distinte che segnano le tre principali fasi della vita di Ostad Elahi:<\/p>\n<\/div><div class=\"fusion-clearfix\"><\/div><\/div><\/div><div class=\"fusion-layout-column fusion_builder_column fusion-builder-column-1 fusion_builder_column_1_1 1_1 fusion-one-full fusion-column-first fusion-column-last\" style=\"--awb-bg-size:cover;--awb-border-color:#ffffff;--awb-border-top:40px;--awb-border-right:40px;--awb-border-bottom:40px;--awb-border-left:40px;--awb-border-style:solid;\"><div class=\"fusion-column-wrapper fusion-flex-column-wrapper-legacy\"><div class=\"fusion-image-element fusion-image-align-center in-legacy-container\" style=\"text-align:center;--awb-caption-title-size:var(--h2_typography-font-size);--awb-caption-title-transform:var(--h2_typography-text-transform);--awb-caption-title-line-height:var(--h2_typography-line-height);--awb-caption-title-letter-spacing:var(--h2_typography-letter-spacing);\"><div class=\"imageframe-align-center\"><span class=\" fusion-imageframe imageframe-none imageframe-1 hover-type-none\" style=\"border:1px solid #d6d6d6;\"><img decoding=\"async\" width=\"1698\" height=\"916\" src=\"https:\/\/ostadelahi.com\/wp-content\/uploads\/expo-dawn-a.jpg\" alt class=\"img-responsive wp-image-9533\" srcset=\"https:\/\/ostadelahi.com\/wp-content\/uploads\/expo-dawn-a-200x108.jpg 200w, https:\/\/ostadelahi.com\/wp-content\/uploads\/expo-dawn-a-400x216.jpg 400w, https:\/\/ostadelahi.com\/wp-content\/uploads\/expo-dawn-a-600x324.jpg 600w, https:\/\/ostadelahi.com\/wp-content\/uploads\/expo-dawn-a-800x432.jpg 800w, https:\/\/ostadelahi.com\/wp-content\/uploads\/expo-dawn-a-1200x647.jpg 1200w, https:\/\/ostadelahi.com\/wp-content\/uploads\/expo-dawn-a.jpg 1698w\" sizes=\"(max-width: 640px) 100vw, 1200px\" \/><\/span><\/div><\/div><div class=\"fusion-sep-clear\"><\/div><div class=\"fusion-separator fusion-full-width-sep\" style=\"margin-left: auto;margin-right: auto;margin-top:10px;width:100%;\"><\/div><div class=\"fusion-sep-clear\"><\/div><div class=\"fusion-text fusion-text-2\"><p><b>L\u2019Alba (1895-1920):<\/b> Questa sezione raccontava il carattere mistico dell\u2019infanzia, dell\u2019adolescenza e della giovinezza di Ostad Elahi, un periodo in cui si dedic\u00f2 interamente alla contemplazione, allo studio, alla preghiera e alla musica. Al termine di questa sezione, i visitatori hanno trovato esposta la treccia di lunghi capelli, che Ostad, con un atto simbolico, aveva tagliato all\u2019et\u00e0 di trentaquattro anni\u00a0prima di entrare nella Pubblica Amministrazione.<\/p>\n<\/div><div class=\"fusion-sep-clear\"><\/div><div class=\"fusion-separator fusion-full-width-sep\" style=\"margin-left: auto;margin-right: auto;margin-bottom:40px;width:100%;\"><\/div><div class=\"fusion-sep-clear\"><\/div><div class=\"fusion-image-element fusion-image-align-center in-legacy-container\" style=\"text-align:center;--awb-caption-title-size:var(--h2_typography-font-size);--awb-caption-title-transform:var(--h2_typography-text-transform);--awb-caption-title-line-height:var(--h2_typography-line-height);--awb-caption-title-letter-spacing:var(--h2_typography-letter-spacing);\"><div class=\"imageframe-align-center\"><span class=\" fusion-imageframe imageframe-none imageframe-2 hover-type-none\" style=\"border:1px solid #d6d6d6;\"><img decoding=\"async\" width=\"1698\" height=\"916\" src=\"https:\/\/ostadelahi.com\/wp-content\/uploads\/expo-rising-sun-a.jpg\" alt class=\"img-responsive wp-image-9537\" srcset=\"https:\/\/ostadelahi.com\/wp-content\/uploads\/expo-rising-sun-a-200x108.jpg 200w, https:\/\/ostadelahi.com\/wp-content\/uploads\/expo-rising-sun-a-400x216.jpg 400w, https:\/\/ostadelahi.com\/wp-content\/uploads\/expo-rising-sun-a-600x324.jpg 600w, https:\/\/ostadelahi.com\/wp-content\/uploads\/expo-rising-sun-a-800x432.jpg 800w, https:\/\/ostadelahi.com\/wp-content\/uploads\/expo-rising-sun-a-1200x647.jpg 1200w, https:\/\/ostadelahi.com\/wp-content\/uploads\/expo-rising-sun-a.jpg 1698w\" sizes=\"(max-width: 640px) 100vw, 1200px\" \/><\/span><\/div><\/div><div class=\"fusion-sep-clear\"><\/div><div class=\"fusion-separator fusion-full-width-sep\" style=\"margin-left: auto;margin-right: auto;margin-top:10px;width:100%;\"><\/div><div class=\"fusion-sep-clear\"><\/div><div class=\"fusion-text fusion-text-3\"><p><b>Il Sorgere del Sole (1920-1957):<\/b> Questa sezione illustrava simbolicamente una svolta decisiva nella vita di Ostad Elahi, il momento in cui abbandon\u00f2 il metodo del misticismo classico, caratterizzato dalla pratica ascetica e dalla contemplazione, per cominciare una vita attiva in seno alla societ\u00e0. Cos\u00ec, si iscrisse alla Scuola Nazionale di Giurisprudenza e divenne giudice, dedicando i successivi ventisette anni della sua vita al pubblico servizio.<\/p>\n<\/div><div class=\"fusion-sep-clear\"><\/div><div class=\"fusion-separator fusion-full-width-sep\" style=\"margin-left: auto;margin-right: auto;margin-bottom:40px;width:100%;\"><\/div><div class=\"fusion-sep-clear\"><\/div><div class=\"fusion-image-element fusion-image-align-center in-legacy-container\" style=\"text-align:center;--awb-caption-title-size:var(--h2_typography-font-size);--awb-caption-title-transform:var(--h2_typography-text-transform);--awb-caption-title-line-height:var(--h2_typography-line-height);--awb-caption-title-letter-spacing:var(--h2_typography-letter-spacing);\"><div class=\"imageframe-align-center\"><span class=\" fusion-imageframe imageframe-none imageframe-3 hover-type-none\" style=\"border:1px solid #d6d6d6;\"><img decoding=\"async\" width=\"1698\" height=\"916\" src=\"https:\/\/ostadelahi.com\/wp-content\/uploads\/expo-full-sun-a.jpg\" alt class=\"img-responsive wp-image-9542\" srcset=\"https:\/\/ostadelahi.com\/wp-content\/uploads\/expo-full-sun-a-200x108.jpg 200w, https:\/\/ostadelahi.com\/wp-content\/uploads\/expo-full-sun-a-400x216.jpg 400w, https:\/\/ostadelahi.com\/wp-content\/uploads\/expo-full-sun-a-600x324.jpg 600w, https:\/\/ostadelahi.com\/wp-content\/uploads\/expo-full-sun-a-800x432.jpg 800w, https:\/\/ostadelahi.com\/wp-content\/uploads\/expo-full-sun-a-1200x647.jpg 1200w, https:\/\/ostadelahi.com\/wp-content\/uploads\/expo-full-sun-a.jpg 1698w\" sizes=\"(max-width: 640px) 100vw, 1200px\" \/><\/span><\/div><\/div><div class=\"fusion-sep-clear\"><\/div><div class=\"fusion-separator fusion-full-width-sep\" style=\"margin-left: auto;margin-right: auto;margin-top:10px;width:100%;\"><\/div><div class=\"fusion-sep-clear\"><\/div><div class=\"fusion-text fusion-text-4\"><p><b>Il Pieno Sole (1957-1974):<\/b> Questa sezione finale della mostra comprendeva il periodo seguente al suo ritiro dalla magistratura, periodo durante il quale ricevette visitatori provenienti da tutti i ceti sociali, scrisse diversi libri e trattati, e dedic\u00f2 molto tempo alla sua musica.<\/p>\n<\/div><div class=\"fusion-clearfix\"><\/div><\/div><\/div><div class=\"fusion-layout-column fusion_builder_column fusion-builder-column-2 fusion_builder_column_1_1 1_1 fusion-one-full fusion-column-first fusion-column-last\" style=\"--awb-bg-size:cover;\"><div class=\"fusion-column-wrapper fusion-flex-column-wrapper-legacy\"><div class=\"fusion-text fusion-text-5\"><p>Ciascuno di questi periodi \u00e8 stato illustrato da una serie di testi, fotografie e aneddoti autobiografici, nonch\u00e9 da oggetti personali, che permettevano di conoscere a poco a poco Ostad Elahi e i diversi periodi della sua vita. Tra gli oggetti in mostra vi erano armi e accessori usati dai dervisci del XIX secolo, esercizi di calligrafia, e manoscritti antichi, comprese le opere filosofiche, teologiche e letterarie di Ostad Elahi.<\/p>\n<p>C\u2019era anche una sala dedicata alla musica in cui erano diffuse le melodie composte ed interpretate da Ostad Elahi, che venivano presentate al pubblico per la prima volta. Vi era in mostra inoltre una vasta collezione di strumenti tradizionali appartenuti a Ostad Elahi e a suo padre, che comprendeva\u00a0 diversi\u00a0 tanbur, setar, e daf.<\/p>\n<p>Per un tour virtuale di questa mostra, visita: <a href=\"http:\/\/www.ostadexpo.com\/ExpoTour\" target=\"_blank\" rel=\"noopener noreferrer\">http:\/\/www.ostadexpo.com\/ExpoTour<\/a><\/p>\n<\/div><div class=\"fusion-clearfix\"><\/div><\/div><\/div><\/div><\/div>\n","protected":false},"excerpt":{"rendered":"","protected":false},"author":1,"featured_media":0,"parent":6837,"menu_order":3,"comment_status":"open","ping_status":"closed","template":"side-navigation.php","meta":{"footnotes":""},"class_list":["post-6901","page","type-page","status-publish","hentry"],"yoast_head":"<!-- This site is optimized with the Yoast SEO plugin v20.3 - https:\/\/yoast.com\/wordpress\/plugins\/seo\/ -->\n<title>Celebrazione del Centenario - Ostad Elahi<\/title>\n<meta name=\"robots\" content=\"index, follow, max-snippet:-1, max-image-preview:large, max-video-preview:-1\" \/>\n<link rel=\"canonical\" href=\"https:\/\/ostadelahi.com\/life\/exhibitions\/centennial\/\" \/>\n<meta property=\"og:locale\" content=\"it_IT\" \/>\n<meta property=\"og:type\" content=\"article\" \/>\n<meta property=\"og:title\" content=\"Celebrazione del Centenario - Ostad Elahi\" \/>\n<meta property=\"og:url\" content=\"https:\/\/ostadelahi.com\/life\/exhibitions\/centennial\/\" \/>\n<meta property=\"og:site_name\" content=\"Ostad Elahi\" \/>\n<meta property=\"article:modified_time\" content=\"2020-09-03T22:21:50+00:00\" \/>\n<meta name=\"twitter:card\" content=\"summary_large_image\" \/>\n<meta name=\"twitter:label1\" content=\"Tempo di lettura stimato\" \/>\n\t<meta name=\"twitter:data1\" content=\"6 minuti\" \/>\n<script type=\"application\/ld+json\" class=\"yoast-schema-graph\">{\"@context\":\"https:\/\/schema.org\",\"@graph\":[{\"@type\":\"WebPage\",\"@id\":\"https:\/\/ostadelahi.com\/life\/exhibitions\/centennial\/\",\"url\":\"https:\/\/ostadelahi.com\/life\/exhibitions\/centennial\/\",\"name\":\"Celebrazione del Centenario - Ostad Elahi\",\"isPartOf\":{\"@id\":\"https:\/\/ostadelahi.com\/#website\"},\"datePublished\":\"2013-01-21T08:29:10+00:00\",\"dateModified\":\"2020-09-03T22:21:50+00:00\",\"breadcrumb\":{\"@id\":\"https:\/\/ostadelahi.com\/life\/exhibitions\/centennial\/#breadcrumb\"},\"inLanguage\":\"it-IT\",\"potentialAction\":[{\"@type\":\"ReadAction\",\"target\":[\"https:\/\/ostadelahi.com\/life\/exhibitions\/centennial\/\"]}]},{\"@type\":\"BreadcrumbList\",\"@id\":\"https:\/\/ostadelahi.com\/life\/exhibitions\/centennial\/#breadcrumb\",\"itemListElement\":[{\"@type\":\"ListItem\",\"position\":1,\"name\":\"Home\",\"item\":\"https:\/\/ostadelahi.com\/it\/\"},{\"@type\":\"ListItem\",\"position\":2,\"name\":\"La vita\",\"item\":\"https:\/\/ostadelahi.com\/life\/\"},{\"@type\":\"ListItem\",\"position\":3,\"name\":\"Le mostre\",\"item\":\"https:\/\/ostadelahi.com\/life\/exhibitions\/\"},{\"@type\":\"ListItem\",\"position\":4,\"name\":\"Celebrazione del Centenario\"}]},{\"@type\":\"WebSite\",\"@id\":\"https:\/\/ostadelahi.com\/#website\",\"url\":\"https:\/\/ostadelahi.com\/\",\"name\":\"Ostad Elahi\",\"description\":\"The official website on the life, work, and music of Ostad Elahi (1895-1974).\",\"potentialAction\":[{\"@type\":\"SearchAction\",\"target\":{\"@type\":\"EntryPoint\",\"urlTemplate\":\"https:\/\/ostadelahi.com\/?s={search_term_string}\"},\"query-input\":\"required name=search_term_string\"}],\"inLanguage\":\"it-IT\"}]}<\/script>\n<!-- \/ Yoast SEO plugin. -->","yoast_head_json":{"title":"Celebrazione del Centenario - Ostad Elahi","robots":{"index":"index","follow":"follow","max-snippet":"max-snippet:-1","max-image-preview":"max-image-preview:large","max-video-preview":"max-video-preview:-1"},"canonical":"https:\/\/ostadelahi.com\/life\/exhibitions\/centennial\/","og_locale":"it_IT","og_type":"article","og_title":"Celebrazione del Centenario - Ostad Elahi","og_url":"https:\/\/ostadelahi.com\/life\/exhibitions\/centennial\/","og_site_name":"Ostad Elahi","article_modified_time":"2020-09-03T22:21:50+00:00","twitter_card":"summary_large_image","twitter_misc":{"Tempo di lettura stimato":"6 minuti"},"schema":{"@context":"https:\/\/schema.org","@graph":[{"@type":"WebPage","@id":"https:\/\/ostadelahi.com\/life\/exhibitions\/centennial\/","url":"https:\/\/ostadelahi.com\/life\/exhibitions\/centennial\/","name":"Celebrazione del Centenario - Ostad Elahi","isPartOf":{"@id":"https:\/\/ostadelahi.com\/#website"},"datePublished":"2013-01-21T08:29:10+00:00","dateModified":"2020-09-03T22:21:50+00:00","breadcrumb":{"@id":"https:\/\/ostadelahi.com\/life\/exhibitions\/centennial\/#breadcrumb"},"inLanguage":"it-IT","potentialAction":[{"@type":"ReadAction","target":["https:\/\/ostadelahi.com\/life\/exhibitions\/centennial\/"]}]},{"@type":"BreadcrumbList","@id":"https:\/\/ostadelahi.com\/life\/exhibitions\/centennial\/#breadcrumb","itemListElement":[{"@type":"ListItem","position":1,"name":"Home","item":"https:\/\/ostadelahi.com\/it\/"},{"@type":"ListItem","position":2,"name":"La vita","item":"https:\/\/ostadelahi.com\/life\/"},{"@type":"ListItem","position":3,"name":"Le mostre","item":"https:\/\/ostadelahi.com\/life\/exhibitions\/"},{"@type":"ListItem","position":4,"name":"Celebrazione del Centenario"}]},{"@type":"WebSite","@id":"https:\/\/ostadelahi.com\/#website","url":"https:\/\/ostadelahi.com\/","name":"Ostad Elahi","description":"The official website on the life, work, and music of Ostad Elahi (1895-1974).","potentialAction":[{"@type":"SearchAction","target":{"@type":"EntryPoint","urlTemplate":"https:\/\/ostadelahi.com\/?s={search_term_string}"},"query-input":"required name=search_term_string"}],"inLanguage":"it-IT"}]}},"_links":{"self":[{"href":"https:\/\/ostadelahi.com\/it\/wp-json\/wp\/v2\/pages\/6901","targetHints":{"allow":["GET"]}}],"collection":[{"href":"https:\/\/ostadelahi.com\/it\/wp-json\/wp\/v2\/pages"}],"about":[{"href":"https:\/\/ostadelahi.com\/it\/wp-json\/wp\/v2\/types\/page"}],"author":[{"embeddable":true,"href":"https:\/\/ostadelahi.com\/it\/wp-json\/wp\/v2\/users\/1"}],"replies":[{"embeddable":true,"href":"https:\/\/ostadelahi.com\/it\/wp-json\/wp\/v2\/comments?post=6901"}],"version-history":[{"count":5,"href":"https:\/\/ostadelahi.com\/it\/wp-json\/wp\/v2\/pages\/6901\/revisions"}],"predecessor-version":[{"id":9792,"href":"https:\/\/ostadelahi.com\/it\/wp-json\/wp\/v2\/pages\/6901\/revisions\/9792"}],"up":[{"embeddable":true,"href":"https:\/\/ostadelahi.com\/it\/wp-json\/wp\/v2\/pages\/6837"}],"wp:attachment":[{"href":"https:\/\/ostadelahi.com\/it\/wp-json\/wp\/v2\/media?parent=6901"}],"curies":[{"name":"wp","href":"https:\/\/api.w.org\/{rel}","templated":true}]}}