{"id":6893,"date":"2014-12-01T12:56:22","date_gmt":"2014-12-01T17:56:22","guid":{"rendered":"https:\/\/ostadelahi.com\/la-vita\/le-mostre\/the-sacred-lute-the-art-of-ostad-elahi\/"},"modified":"2025-03-15T22:24:00","modified_gmt":"2025-03-16T03:24:00","slug":"il-sacro-liuto-larte-di-ostad-elahi","status":"publish","type":"page","link":"https:\/\/ostadelahi.com\/it\/la-vita\/le-mostre\/il-sacro-liuto-larte-di-ostad-elahi\/","title":{"rendered":"The Sacred Lute: The Art of Ostad Elahi"},"content":{"rendered":"<div class=\"fusion-fullwidth fullwidth-box fusion-builder-row-1 hundred-percent-fullwidth non-hundred-percent-height-scrolling\" style=\"--awb-border-radius-top-left:0px;--awb-border-radius-top-right:0px;--awb-border-radius-bottom-right:0px;--awb-border-radius-bottom-left:0px;--awb-overflow:visible;\" ><div class=\"fusion-builder-row fusion-row\"><div class=\"fusion-layout-column fusion_builder_column fusion-builder-column-0 fusion_builder_column_1_1 1_1 fusion-one-full fusion-column-first fusion-column-last\" style=\"--awb-bg-size:cover;\"><div class=\"fusion-column-wrapper fusion-flex-column-wrapper-legacy\"><div class=\"fusion-text fusion-text-1\"><p><a href=\"https:\/\/www.metmuseum.org\/exhibitions\/listings\/2014\/sacred-lute\" target=\"_blank\" rel=\"noopener noreferrer\"><i>The Sacred Lute: The Art of Ostad Elahi<\/i><\/a> (5 agosto 2014 &#8211; 11 gennaio 2015) \u00e8 la prima mostra tenutasi in America che ha esplorato la vita e la musica di questo rinomato filosofo, giurista e maestro musicista persiano, presso lo storico Metropolitan Museum of Art di New York. In concomitanza con l\u2019inaugurazione del nuovo David H. Koch Plaza, dopo la grande ricostruzione della maestosa facciata del Met sulla Fifth Avenue, questa innovativa mostra \u00e8 stata organizzata dal Dipartimento di Strumenti Musicali e presentata con il patrocinio dell\u2019UNESCO.<\/p>\n<p><i>The Sacred Lute<\/i>, che ha attirato pi\u00f9 di 100.000 visitatori da tutto il mondo, racconta la storia avvincente di un uomo che, per tutta la sua vita, \u00e8 stato alla ricerca del significato e della conoscenza di s\u00e9, in parallelo con lo sviluppo e l\u2019evoluzione della sua arte musicale. Documentando il rapporto di trasformazione tra il musicista e lo strumento, la mostra ha esposto una quarantina di strumenti rari ed opere d\u2019arte provenienti dalla collezione personale di Ostad Elahi, dal Mus\u00e9e de la Musique di Parigi e dal Metropolitan Museum, accanto a una serie di oggetti personali di Ostad Elahi, come ad esempio la sua toga da giudice ed i suoi manoscritti, nonch\u00e9 degli oggetti simbolici che hanno offerto una maggiore comprensione del suo metodico approccio alla vita.<\/p>\n<\/div><div class=\"fusion-clearfix\"><\/div><\/div><\/div><div class=\"fusion-layout-column fusion_builder_column fusion-builder-column-1 fusion_builder_column_1_1 1_1 fusion-one-full fusion-column-first fusion-column-last\" style=\"--awb-bg-size:cover;\"><div class=\"fusion-column-wrapper fusion-flex-column-wrapper-legacy\"><div class=\"fusion-image-element fusion-image-align-center in-legacy-container\" style=\"text-align:center;--awb-caption-title-size:var(--h2_typography-font-size);--awb-caption-title-transform:var(--h2_typography-text-transform);--awb-caption-title-line-height:var(--h2_typography-line-height);--awb-caption-title-letter-spacing:var(--h2_typography-letter-spacing);\"><div class=\"imageframe-align-center\"><span class=\" fusion-imageframe imageframe-none imageframe-1 hover-type-none\"><img decoding=\"async\" width=\"900\" height=\"500\" src=\"https:\/\/ostadelahi.com\/wp-content\/uploads\/m1.jpg\" alt class=\"img-responsive wp-image-8348\" srcset=\"https:\/\/ostadelahi.com\/wp-content\/uploads\/m1-200x111.jpg 200w, https:\/\/ostadelahi.com\/wp-content\/uploads\/m1-400x222.jpg 400w, https:\/\/ostadelahi.com\/wp-content\/uploads\/m1-600x333.jpg 600w, https:\/\/ostadelahi.com\/wp-content\/uploads\/m1-800x444.jpg 800w, https:\/\/ostadelahi.com\/wp-content\/uploads\/m1.jpg 900w\" sizes=\"(max-width: 640px) 100vw, 900px\" \/><\/span><\/div><\/div><div class=\"fusion-clearfix\"><\/div><\/div><\/div><div class=\"fusion-layout-column fusion_builder_column fusion-builder-column-2 fusion_builder_column_1_1 1_1 fusion-one-full fusion-column-first fusion-column-last\" style=\"--awb-bg-size:cover;\"><div class=\"fusion-column-wrapper fusion-flex-column-wrapper-legacy\"><div class=\"fusion-text fusion-text-2\"><p>Ospitata nell\u2019elegante Hagop Kevorkian Fund Special Exhibition Gallery, all\u2019interno del Dipartimento di Arte Islamica, la mostra ha offerto un racconto visivo di primo piano, rappresentando i diversi periodi della vita di Ostad Elahi, dai suoi primi anni vissuti da mistico classico alla sua carriera di giurista, fino agli ultimi anni dedicati alla scrittura e alla musica. Il racconto visivo era accompagnato da parole tratte dagli insegnamenti orali di Ostad e dalla musica del suo tanbur diffusa ininterrottamente, che all\u2019interno della galleria permeava l\u2019atmosfera di una serenit\u00e0 contemplativa e di calore.<\/p>\n<p>Oltre alla proiezione a parete, su due grandi monitor veniva trasmesso un cortometraggio contenente alcuni estratti presi da un documentario sulla musica di Ostad Elahi che uscir\u00e0 a breve. Con la voce narrante di John Schaefer, della radio WNYC, il film presenta una serie di interviste con noti musicisti, etnomusicologi e neuroscienziati, sulla straordinaria creativit\u00e0 e sull\u2019impatto della musica di Ostad. Una sezione di questo documentario, girata con il minore dei suoi figli ed erede della sua arte, il dottor Chahrokh Elahi, mostra le innovazioni e le complessit\u00e0 che Ostad ha introdotto nel tanbur e nelle sue tecniche di esecuzione.<\/p>\n<p>Al fine di mettere in luce le varie sfaccettature di questa mostra, sono stati organizzati e presentati in parallelo alcuni programmi supplementari, a cura del Met e della Nour Foundation, uno degli sponsor della mostra. Questi eventi, che hanno attirato un pubblico numeroso e hanno ottenuto un grande successo, comprendevano una serie di performance musicali culturalmente eterogenee, ispirate al repertorio di Ostad Elahi, nonch\u00e9 interviste, conferenze, dibattiti, recital di poesia, e anche una rara lezione magistrale di tanbur.<\/p>\n<\/div><div class=\"fusion-clearfix\"><\/div><\/div><\/div><div class=\"fusion-layout-column fusion_builder_column fusion-builder-column-3 fusion_builder_column_1_1 1_1 fusion-one-full fusion-column-first fusion-column-last\" style=\"--awb-padding-bottom:0px;--awb-bg-size:cover;--awb-border-color:#d6d6d6;--awb-border-top:0;--awb-border-right:0;--awb-border-bottom:0;--awb-border-left:0;--awb-border-style:solid;\"><div class=\"fusion-column-wrapper fusion-flex-column-wrapper-legacy\"><div class=\"fusion-image-element fusion-image-align-center in-legacy-container\" style=\"text-align:center;--awb-caption-title-size:var(--h2_typography-font-size);--awb-caption-title-transform:var(--h2_typography-text-transform);--awb-caption-title-line-height:var(--h2_typography-line-height);--awb-caption-title-letter-spacing:var(--h2_typography-letter-spacing);\"><div class=\"imageframe-align-center\"><span class=\" fusion-imageframe imageframe-none imageframe-2 hover-type-zoomin\"><a class=\"fusion-no-lightbox\" href=\"\/it\/la-vita\/le-mostre\/eventi-nellambito-del-sacro-liuto\/\" target=\"_self\"><img decoding=\"async\" width=\"842\" height=\"141\" src=\"https:\/\/ostadelahi.com\/wp-content\/uploads\/events-around-the-sacred-lute-grid.jpg\" alt class=\"img-responsive wp-image-8344\" srcset=\"https:\/\/ostadelahi.com\/wp-content\/uploads\/events-around-the-sacred-lute-grid-200x33.jpg 200w, https:\/\/ostadelahi.com\/wp-content\/uploads\/events-around-the-sacred-lute-grid-400x67.jpg 400w, https:\/\/ostadelahi.com\/wp-content\/uploads\/events-around-the-sacred-lute-grid-600x100.jpg 600w, https:\/\/ostadelahi.com\/wp-content\/uploads\/events-around-the-sacred-lute-grid-800x134.jpg 800w, https:\/\/ostadelahi.com\/wp-content\/uploads\/events-around-the-sacred-lute-grid.jpg 842w\" sizes=\"(max-width: 640px) 100vw, 842px\" \/><\/a><\/span><\/div><\/div><div class=\"fusion-sep-clear\"><\/div><div class=\"fusion-separator fusion-full-width-sep\" style=\"margin-left: auto;margin-right: auto;margin-top:10px;width:100%;\"><\/div><div class=\"fusion-sep-clear\"><\/div><div class=\"fusion-text fusion-text-3\"><p class=\"events\" style=\"text-align: center;\"><a href=\"\/it\/la-vita\/le-mostre\/eventi-nellambito-del-sacro-liuto\/\">Eventi nell\u2019ambito della mostra <em>The Sacred Lute<\/em><\/a><\/p>\n<\/div><div class=\"fusion-clearfix\"><\/div><\/div><\/div><div class=\"fusion-layout-column fusion_builder_column fusion-builder-column-4 fusion_builder_column_1_1 1_1 fusion-one-full fusion-column-first fusion-column-last\" style=\"--awb-bg-size:cover;\"><div class=\"fusion-column-wrapper fusion-flex-column-wrapper-legacy\"><div class=\"fusion-text fusion-text-4\"><p>Uno degli aspetti pi\u00f9 sorprendenti di questa mostra, relativamente piccola, \u00e8 stata l\u2019enorme attenzione mediatica che ha saputo attirare. A seguito di una conferenza stampa molto gremita, <i>Voice of America<\/i> ha prodotto un video di 10 minuti su <i>The Sacred Lute<\/i>, che \u00e8 stato trasmesso a livello globale, mentre il <i>New York Times<\/i> ha pubblicato una recensione a tutta pagina della mostra intitolata \u00ab<a href=\"http:\/\/www.nytimes.com\/2014\/08\/30\/arts\/music\/ostad-elahi-a-tanbur-master-is-celebrated-at-met-museum.html\" target=\"_blank\" rel=\"noopener noreferrer\">Honoring an Instrument of Few Strings with the Strength of a Symphony<\/a>\u00bb, sicuramente una descrizione appropriata per la sonorit\u00e0 unica del tanbur.<\/p>\n<p>La copertura dei media comunque non si \u00e8 limitata solo alla stampa, poich\u00e9 la mostra <i>The Sacred Lute<\/i> \u00e8 stata anche messa in evidenza come una delle \u201cScelte del Curatore\u201d sul settimanale televisivo della PBS New York &#8211; ARTS, dopo che una delle produttrici dello show, testimone all\u2019evento di apertura, \u00e8 rimasta colpita dalla bellezza della musica e dalla sua straordinaria energia.<\/p>\n<\/div><div class=\"fusion-clearfix\"><\/div><\/div><\/div><div class=\"fusion-layout-column fusion_builder_column fusion-builder-column-5 fusion_builder_column_1_1 1_1 fusion-one-full fusion-column-first fusion-column-last\" style=\"--awb-bg-size:cover;\"><div class=\"fusion-column-wrapper fusion-flex-column-wrapper-legacy\"><div class=\"fusion-video fusion-vimeo\" style=\"--awb-max-width:1280px;--awb-max-height:720px;\"><div class=\"video-shortcode\"><div class=\"fluid-width-video-wrapper\" style=\"padding-top:56.25%;\" ><iframe title=\"Vimeo video player 1\" src=\"https:\/\/player.vimeo.com\/video\/127446525?autoplay=0&autopause=0\" width=\"1280\" height=\"720\" allowfullscreen allow=\"autoplay; fullscreen\"><\/iframe><\/div><\/div><\/div><div class=\"fusion-clearfix\"><\/div><\/div><\/div><div class=\"fusion-layout-column fusion_builder_column fusion-builder-column-6 fusion_builder_column_1_1 1_1 fusion-one-full fusion-column-first fusion-column-last\" style=\"--awb-bg-size:cover;\"><div class=\"fusion-column-wrapper fusion-flex-column-wrapper-legacy\"><div class=\"fusion-text fusion-text-5\"><p>Anche i media internazionali hanno mostrato un particolare interesse per la mostra, sia la BBC persiana sia la Deutsche Welle Persian, fornendo un\u2019ampia copertura sui rispettivi siti internet. Degno di nota, anche il blog musicale del Met, <i>Of Note<\/i>, che ha registrato numerosissimi accessi sia da parte di visitatori locali che internazionali, i quali hanno cercato di condividere il loro entusiasmo e le loro emozioni per la straordinaria mostra che avevano visitato.<\/p>\n<p>Uno dei modi in cui l\u2019eredit\u00e0 di questa intima mostra \u00e8 stata preservata \u00e8 la pubblicazione di un CD-Book commemorativo, co-prodotto dal Metropolitan Museum of Art e da <i>Le Chant du Monde<\/i>. Il cofanetto contiene due CD di musica di Ostad Elahi, e una pubblicazione trilingue in inglese, francese e italiano, che si apre con un\u2019introduzione di Ken Moore, Frederick P. Rose Curator in Charge del Dipartimento di Strumenti Musicali, seguita da una breve biografia di Ostad Elahi, dalle descrizioni di ogni brano, dagli articoli illustrati e da testimonianze sull\u2019evoluzione e l\u2019impatto della sua musica, oltre che da una selezione di Parole tratte dai suoi insegnamenti orali.<\/p>\n<p>La risposta travolgente suscitata dalla mostra <i>The Sacred Lute<\/i> \u00e8 una testimonianza sia del potere profondo che la musica ha nell\u2019unire gli esseri umani di ogni cultura, sia della natura universale dello spirito umano. Settimana dopo settimana, e mese dopo mese, visitatori provenienti da tutto il mondo sono venuti a scoprire, imparare e riflettere sulla musica eccezionale di Ostad Elahi, cogliendo al tempo stesso qualche rapido indizio di questa personalit\u00e0 radiosa che ha portato alla luce una musica coinvolgente e che, infine, l\u2019ha trasformata in una forma d\u2019arte colta.<\/p>\n<p>\u00abSe usata con la giusta intenzione\u00bb, Ostad Elahi era solito affermare, \u00abla musica pu\u00f2 collegarci al Divino, poich\u00e9 la musica \u00e8 in relazione con l\u2019anima e l\u2019anima \u00e8 in relazione con la Fonte\u00bb. Nel caso di Ostad, l\u2019impatto sbalorditivo della sua musica riflette l\u2019incarnazione di una continua ricerca della conoscenza di s\u00e9 nella ricerca ultima del senso della vita e della trascendenza.<\/p>\n<\/div><div class=\"fusion-clearfix\"><\/div><\/div><\/div><\/div><\/div>\n","protected":false},"excerpt":{"rendered":"","protected":false},"author":1,"featured_media":0,"parent":6837,"menu_order":1,"comment_status":"open","ping_status":"closed","template":"side-navigation.php","meta":{"footnotes":""},"class_list":["post-6893","page","type-page","status-publish","hentry"],"yoast_head":"<!-- This site is optimized with the Yoast SEO plugin v20.3 - https:\/\/yoast.com\/wordpress\/plugins\/seo\/ -->\n<title>The Sacred Lute: The Art of Ostad Elahi - Ostad Elahi<\/title>\n<meta name=\"robots\" content=\"index, follow, max-snippet:-1, max-image-preview:large, max-video-preview:-1\" \/>\n<link rel=\"canonical\" href=\"https:\/\/ostadelahi.com\/it\/la-vita\/le-mostre\/il-sacro-liuto-larte-di-ostad-elahi\/\" \/>\n<meta property=\"og:locale\" content=\"it_IT\" \/>\n<meta property=\"og:type\" content=\"article\" \/>\n<meta property=\"og:title\" content=\"The Sacred Lute: The Art of Ostad Elahi - Ostad Elahi\" \/>\n<meta property=\"og:url\" content=\"https:\/\/ostadelahi.com\/it\/la-vita\/le-mostre\/il-sacro-liuto-larte-di-ostad-elahi\/\" \/>\n<meta property=\"og:site_name\" content=\"Ostad Elahi\" \/>\n<meta property=\"article:modified_time\" content=\"2025-03-16T03:24:00+00:00\" \/>\n<meta name=\"twitter:card\" content=\"summary_large_image\" \/>\n<meta name=\"twitter:label1\" content=\"Tempo di lettura stimato\" \/>\n\t<meta name=\"twitter:data1\" content=\"6 minuti\" \/>\n<script type=\"application\/ld+json\" class=\"yoast-schema-graph\">{\"@context\":\"https:\/\/schema.org\",\"@graph\":[{\"@type\":\"WebPage\",\"@id\":\"https:\/\/ostadelahi.com\/it\/la-vita\/le-mostre\/il-sacro-liuto-larte-di-ostad-elahi\/\",\"url\":\"https:\/\/ostadelahi.com\/it\/la-vita\/le-mostre\/il-sacro-liuto-larte-di-ostad-elahi\/\",\"name\":\"The Sacred Lute: The Art of Ostad Elahi - Ostad Elahi\",\"isPartOf\":{\"@id\":\"https:\/\/ostadelahi.com\/#website\"},\"datePublished\":\"2014-12-01T17:56:22+00:00\",\"dateModified\":\"2025-03-16T03:24:00+00:00\",\"breadcrumb\":{\"@id\":\"https:\/\/ostadelahi.com\/it\/la-vita\/le-mostre\/il-sacro-liuto-larte-di-ostad-elahi\/#breadcrumb\"},\"inLanguage\":\"it-IT\",\"potentialAction\":[{\"@type\":\"ReadAction\",\"target\":[\"https:\/\/ostadelahi.com\/it\/la-vita\/le-mostre\/il-sacro-liuto-larte-di-ostad-elahi\/\"]}]},{\"@type\":\"BreadcrumbList\",\"@id\":\"https:\/\/ostadelahi.com\/it\/la-vita\/le-mostre\/il-sacro-liuto-larte-di-ostad-elahi\/#breadcrumb\",\"itemListElement\":[{\"@type\":\"ListItem\",\"position\":1,\"name\":\"Home\",\"item\":\"https:\/\/ostadelahi.com\/it\/\"},{\"@type\":\"ListItem\",\"position\":2,\"name\":\"La vita\",\"item\":\"https:\/\/ostadelahi.com\/life\/\"},{\"@type\":\"ListItem\",\"position\":3,\"name\":\"Le mostre\",\"item\":\"https:\/\/ostadelahi.com\/life\/exhibitions\/\"},{\"@type\":\"ListItem\",\"position\":4,\"name\":\"The Sacred Lute: The Art of Ostad Elahi\"}]},{\"@type\":\"WebSite\",\"@id\":\"https:\/\/ostadelahi.com\/#website\",\"url\":\"https:\/\/ostadelahi.com\/\",\"name\":\"Ostad Elahi\",\"description\":\"The official website on the life, work, and music of Ostad Elahi (1895-1974).\",\"potentialAction\":[{\"@type\":\"SearchAction\",\"target\":{\"@type\":\"EntryPoint\",\"urlTemplate\":\"https:\/\/ostadelahi.com\/?s={search_term_string}\"},\"query-input\":\"required name=search_term_string\"}],\"inLanguage\":\"it-IT\"}]}<\/script>\n<!-- \/ Yoast SEO plugin. -->","yoast_head_json":{"title":"The Sacred Lute: The Art of Ostad Elahi - Ostad Elahi","robots":{"index":"index","follow":"follow","max-snippet":"max-snippet:-1","max-image-preview":"max-image-preview:large","max-video-preview":"max-video-preview:-1"},"canonical":"https:\/\/ostadelahi.com\/it\/la-vita\/le-mostre\/il-sacro-liuto-larte-di-ostad-elahi\/","og_locale":"it_IT","og_type":"article","og_title":"The Sacred Lute: The Art of Ostad Elahi - Ostad Elahi","og_url":"https:\/\/ostadelahi.com\/it\/la-vita\/le-mostre\/il-sacro-liuto-larte-di-ostad-elahi\/","og_site_name":"Ostad Elahi","article_modified_time":"2025-03-16T03:24:00+00:00","twitter_card":"summary_large_image","twitter_misc":{"Tempo di lettura stimato":"6 minuti"},"schema":{"@context":"https:\/\/schema.org","@graph":[{"@type":"WebPage","@id":"https:\/\/ostadelahi.com\/it\/la-vita\/le-mostre\/il-sacro-liuto-larte-di-ostad-elahi\/","url":"https:\/\/ostadelahi.com\/it\/la-vita\/le-mostre\/il-sacro-liuto-larte-di-ostad-elahi\/","name":"The Sacred Lute: The Art of Ostad Elahi - Ostad Elahi","isPartOf":{"@id":"https:\/\/ostadelahi.com\/#website"},"datePublished":"2014-12-01T17:56:22+00:00","dateModified":"2025-03-16T03:24:00+00:00","breadcrumb":{"@id":"https:\/\/ostadelahi.com\/it\/la-vita\/le-mostre\/il-sacro-liuto-larte-di-ostad-elahi\/#breadcrumb"},"inLanguage":"it-IT","potentialAction":[{"@type":"ReadAction","target":["https:\/\/ostadelahi.com\/it\/la-vita\/le-mostre\/il-sacro-liuto-larte-di-ostad-elahi\/"]}]},{"@type":"BreadcrumbList","@id":"https:\/\/ostadelahi.com\/it\/la-vita\/le-mostre\/il-sacro-liuto-larte-di-ostad-elahi\/#breadcrumb","itemListElement":[{"@type":"ListItem","position":1,"name":"Home","item":"https:\/\/ostadelahi.com\/it\/"},{"@type":"ListItem","position":2,"name":"La vita","item":"https:\/\/ostadelahi.com\/life\/"},{"@type":"ListItem","position":3,"name":"Le mostre","item":"https:\/\/ostadelahi.com\/life\/exhibitions\/"},{"@type":"ListItem","position":4,"name":"The Sacred Lute: The Art of Ostad Elahi"}]},{"@type":"WebSite","@id":"https:\/\/ostadelahi.com\/#website","url":"https:\/\/ostadelahi.com\/","name":"Ostad Elahi","description":"The official website on the life, work, and music of Ostad Elahi (1895-1974).","potentialAction":[{"@type":"SearchAction","target":{"@type":"EntryPoint","urlTemplate":"https:\/\/ostadelahi.com\/?s={search_term_string}"},"query-input":"required name=search_term_string"}],"inLanguage":"it-IT"}]}},"_links":{"self":[{"href":"https:\/\/ostadelahi.com\/it\/wp-json\/wp\/v2\/pages\/6893","targetHints":{"allow":["GET"]}}],"collection":[{"href":"https:\/\/ostadelahi.com\/it\/wp-json\/wp\/v2\/pages"}],"about":[{"href":"https:\/\/ostadelahi.com\/it\/wp-json\/wp\/v2\/types\/page"}],"author":[{"embeddable":true,"href":"https:\/\/ostadelahi.com\/it\/wp-json\/wp\/v2\/users\/1"}],"replies":[{"embeddable":true,"href":"https:\/\/ostadelahi.com\/it\/wp-json\/wp\/v2\/comments?post=6893"}],"version-history":[{"count":4,"href":"https:\/\/ostadelahi.com\/it\/wp-json\/wp\/v2\/pages\/6893\/revisions"}],"predecessor-version":[{"id":17557,"href":"https:\/\/ostadelahi.com\/it\/wp-json\/wp\/v2\/pages\/6893\/revisions\/17557"}],"up":[{"embeddable":true,"href":"https:\/\/ostadelahi.com\/it\/wp-json\/wp\/v2\/pages\/6837"}],"wp:attachment":[{"href":"https:\/\/ostadelahi.com\/it\/wp-json\/wp\/v2\/media?parent=6893"}],"curies":[{"name":"wp","href":"https:\/\/api.w.org\/{rel}","templated":true}]}}