{"id":874,"date":"2013-01-21T03:29:35","date_gmt":"2013-01-21T08:29:35","guid":{"rendered":"https:\/\/ostadelahi.com\/?page_id=874"},"modified":"2022-07-01T22:59:39","modified_gmt":"2022-07-02T03:59:39","slug":"chronologie","status":"publish","type":"page","link":"https:\/\/ostadelahi.com\/fr\/lhomme\/chronologie\/","title":{"rendered":"Chronologie"},"content":{"rendered":"<p><div class=\"fusion-fullwidth fullwidth-box fusion-builder-row-1 hundred-percent-fullwidth non-hundred-percent-height-scrolling fusion-no-small-visibility\" style=\"--awb-border-radius-top-left:0px;--awb-border-radius-top-right:0px;--awb-border-radius-bottom-right:0px;--awb-border-radius-bottom-left:0px;\" ><div class=\"fusion-builder-row fusion-row\"><div class=\"fusion-layout-column fusion_builder_column fusion-builder-column-0 fusion_builder_column_2_3 2_3 fusion-two-third fusion-column-first\" style=\"--awb-bg-size:cover;width:65.3333%; margin-right: 4%;\"><div class=\"fusion-column-wrapper fusion-flex-column-wrapper-legacy\"><div class=\"fusion-text fusion-text-1\"><table width=\"100%\">\n<tbody>\n<tr>\n<td class=\"column-1\">\n<h2>1871<\/h2>\n<\/td>\n<td class=\"column-2\">Naissance de <a href=\"http:\/\/hadjnemat.com\" target=\"_blank\" rel=\"noopener noreferrer\">Hadj Nemat<\/a>, p\u00e8re d\u2019Ostad Elahi, \u00e0 Jeyhounabad, petit village kurde de l\u2019ouest de l\u2019Iran.<\/td>\n<\/tr>\n<tr>\n<td class=\"column-1\">\n<h2>1894<\/h2>\n<\/td>\n<td class=\"column-2\">Mariage des parents d\u2019Ostad Elahi.<\/td>\n<\/tr>\n<tr>\n<td class=\"column-1\">\n<h2>1895<\/h2>\n<\/td>\n<td class=\"column-2\">Naissance d\u2019Ostad Elahi le 11 septembre \u00e0 Jeyhounabad.<\/td>\n<\/tr>\n<tr>\n<td class=\"column-1\">\n<h2>1900<\/h2>\n<\/td>\n<td class=\"column-2\">D\u00e9but de la vie mystique de Hadj Nemat, \u00e0 la suite d\u2019une transformation spirituelle.<\/td>\n<\/tr>\n<tr>\n<td class=\"column-1\">\n<h2>1901<\/h2>\n<\/td>\n<td class=\"column-2\">Initiation d\u2019Ostad Elahi enfant au luth tanbur.<\/td>\n<\/tr>\n<\/tbody>\n<\/table>\n<\/div><div class=\"fusion-clearfix\"><\/div><\/div><\/div><div class=\"fusion-layout-column fusion_builder_column fusion-builder-column-1 fusion_builder_column_1_3 1_3 fusion-one-third fusion-column-last\" style=\"--awb-bg-size:cover;width:30.6666%;\"><div class=\"fusion-column-wrapper fusion-flex-column-wrapper-legacy\"><div class=\"fusion-image-element fusion-image-align-center in-legacy-container\" style=\"text-align:center;--awb-caption-title-size:var(--h2_typography-font-size);--awb-caption-title-transform:var(--h2_typography-text-transform);--awb-caption-title-line-height:var(--h2_typography-line-height);--awb-caption-title-letter-spacing:var(--h2_typography-letter-spacing);\"><div class=\"imageframe-align-center\"><span class=\" fusion-imageframe imageframe-none imageframe-1 hover-type-none\"><img decoding=\"async\" width=\"366\" height=\"460\" title=\"Ostad Elahi 1922\" src=\"https:\/\/ostadelahi.com\/wp-content\/uploads\/ostad-elahi-1922.jpg\" alt class=\"img-responsive wp-image-4218\" srcset=\"https:\/\/ostadelahi.com\/wp-content\/uploads\/ostad-elahi-1922-200x251.jpg 200w, https:\/\/ostadelahi.com\/wp-content\/uploads\/ostad-elahi-1922.jpg 366w\" sizes=\"(max-width: 640px) 100vw, 366px\" \/><\/span><\/div><\/div><div class=\"fusion-clearfix\"><\/div><\/div><\/div><div class=\"fusion-layout-column fusion_builder_column fusion-builder-column-2 fusion_builder_column_2_3 2_3 fusion-two-third fusion-column-first\" style=\"--awb-bg-size:cover;width:65.3333%; margin-right: 4%;\"><div class=\"fusion-column-wrapper fusion-flex-column-wrapper-legacy\"><div class=\"fusion-text fusion-text-2\"><table width=\"100%\">\n<tbody>\n<tr>\n<td class=\"column-1\">\n<h2>1905<\/h2>\n<\/td>\n<td class=\"column-2\">D\u00e9but, \u00e0 9 ans, d\u2019un cycle de retraites asc\u00e9tiques qui durera 12 ans.<\/td>\n<\/tr>\n<tr>\n<td class=\"column-1\">\n<h2>1905<\/h2>\n<\/td>\n<td class=\"column-2\">Il est consid\u00e9r\u00e9 comme un ma\u00eetre du tanbur.<\/td>\n<\/tr>\n<tr>\n<td class=\"column-1\">\n<h2>1906<\/h2>\n<\/td>\n<td class=\"column-2\">Transformation spirituelle \u00e0 l\u2019\u00e2ge de 11 ans.<\/td>\n<\/tr>\n<tr>\n<td class=\"column-1\">\n<h2>1906<\/h2>\n<\/td>\n<td class=\"column-2\">Naissance de <a href=\"https:\/\/malakjan.com\/fr\/\" target=\"_blank\" rel=\"noopener noreferrer\">Malak Jan<\/a>, s\u0153ur d\u2019Ostad Elahi ; elle poursuivra plus tard l\u2019enseignement de son fr\u00e8re.<\/td>\n<\/tr>\n<tr>\n<td class=\"column-1\">\n<h2>1917<\/h2>\n<\/td>\n<td class=\"column-2\">Fin du cycle de retraites asc\u00e9tiques.<\/td>\n<\/tr>\n<\/tbody>\n<\/table>\n<\/div><div class=\"fusion-clearfix\"><\/div><\/div><\/div><div class=\"fusion-layout-column fusion_builder_column fusion-builder-column-3 fusion_builder_column_1_3 1_3 fusion-one-third fusion-column-last\" style=\"--awb-bg-size:cover;width:30.6666%;\"><div class=\"fusion-column-wrapper fusion-flex-column-wrapper-legacy\"><div class=\"fusion-image-element fusion-image-align-center in-legacy-container\" style=\"text-align:center;--awb-caption-title-size:var(--h2_typography-font-size);--awb-caption-title-transform:var(--h2_typography-text-transform);--awb-caption-title-line-height:var(--h2_typography-line-height);--awb-caption-title-letter-spacing:var(--h2_typography-letter-spacing);\"><div class=\"imageframe-align-center\"><span class=\" fusion-imageframe imageframe-none imageframe-2 hover-type-none\"><img decoding=\"async\" width=\"366\" height=\"460\" title=\"Ostad Elahi 1932\" src=\"https:\/\/ostadelahi.com\/wp-content\/uploads\/ostad-elahi-1932.jpg\" alt class=\"img-responsive wp-image-4222\" srcset=\"https:\/\/ostadelahi.com\/wp-content\/uploads\/ostad-elahi-1932-200x251.jpg 200w, https:\/\/ostadelahi.com\/wp-content\/uploads\/ostad-elahi-1932.jpg 366w\" sizes=\"(max-width: 640px) 100vw, 366px\" \/><\/span><\/div><\/div><div class=\"fusion-clearfix\"><\/div><\/div><\/div><div class=\"fusion-layout-column fusion_builder_column fusion-builder-column-4 fusion_builder_column_2_3 2_3 fusion-two-third fusion-column-first\" style=\"--awb-bg-size:cover;width:65.3333%; margin-right: 4%;\"><div class=\"fusion-column-wrapper fusion-flex-column-wrapper-legacy\"><div class=\"fusion-text fusion-text-3\"><table width=\"100%\">\n<tbody>\n<tr>\n<td class=\"column-1\">\n<h2>1917<\/h2>\n<\/td>\n<td class=\"column-2\">Mariage d\u2019Ostad Elahi.<\/td>\n<\/tr>\n<tr>\n<td class=\"column-1\">\n<h2>1920<\/h2>\n<\/td>\n<td class=\"column-2\">D\u00e9c\u00e8s de Hadj Nemat.<\/td>\n<\/tr>\n<tr>\n<td class=\"column-1\">\n<h2>1922<\/h2>\n<\/td>\n<td class=\"column-2\">Premier voyage \u00e0 T\u00e9h\u00e9ran, o\u00f9 il s\u00e9journe une ann\u00e9e.<\/td>\n<\/tr>\n<tr>\n<td class=\"column-1\">\n<h2>1929<\/h2>\n<\/td>\n<td class=\"column-2\">Deuxi\u00e8me s\u00e9jour d\u2019environ un an \u00e0 T\u00e9h\u00e9ran.<\/td>\n<\/tr>\n<tr>\n<td class=\"column-1\">\n<h2>1930<\/h2>\n<\/td>\n<td class=\"column-2\">Entre dans la fonction publique au Bureau d\u2019enregistrement des actes et conservation des hypoth\u00e8ques de Kermanshah.<\/td>\n<\/tr>\n<\/tbody>\n<\/table>\n<\/div><div class=\"fusion-clearfix\"><\/div><\/div><\/div><div class=\"fusion-layout-column fusion_builder_column fusion-builder-column-5 fusion_builder_column_1_3 1_3 fusion-one-third fusion-column-last\" style=\"--awb-bg-size:cover;width:30.6666%;\"><div class=\"fusion-column-wrapper fusion-flex-column-wrapper-legacy\"><div class=\"fusion-image-element fusion-image-align-center in-legacy-container\" style=\"text-align:center;--awb-caption-title-size:var(--h2_typography-font-size);--awb-caption-title-transform:var(--h2_typography-text-transform);--awb-caption-title-line-height:var(--h2_typography-line-height);--awb-caption-title-letter-spacing:var(--h2_typography-letter-spacing);\"><div class=\"imageframe-align-center\"><span class=\" fusion-imageframe imageframe-none imageframe-3 hover-type-none\"><img decoding=\"async\" width=\"366\" height=\"460\" title=\"Ostad Elahi 1941\" src=\"https:\/\/ostadelahi.com\/wp-content\/uploads\/ostad-elahi-1941.jpg\" alt class=\"img-responsive wp-image-4226\" srcset=\"https:\/\/ostadelahi.com\/wp-content\/uploads\/ostad-elahi-1941-200x251.jpg 200w, https:\/\/ostadelahi.com\/wp-content\/uploads\/ostad-elahi-1941.jpg 366w\" sizes=\"(max-width: 640px) 100vw, 366px\" \/><\/span><\/div><\/div><div class=\"fusion-clearfix\"><\/div><\/div><\/div><div class=\"fusion-layout-column fusion_builder_column fusion-builder-column-6 fusion_builder_column_2_3 2_3 fusion-two-third fusion-column-first\" style=\"--awb-bg-size:cover;width:65.3333%; margin-right: 4%;\"><div class=\"fusion-column-wrapper fusion-flex-column-wrapper-legacy\"><div class=\"fusion-text fusion-text-4\"><table width=\"100%\">\n<tbody>\n<tr>\n<td class=\"column-1\">\n<h2>1932<\/h2>\n<\/td>\n<td class=\"column-2\">Entre au Bureau d\u2019enregistrement des actes et conservation des hypoth\u00e8ques de Tajrish.<\/td>\n<\/tr>\n<tr>\n<td class=\"column-1\">\n<h2>1932<\/h2>\n<\/td>\n<td class=\"column-2\">Parall\u00e8lement \u00e0 ses fonctions au Bureau d\u2019enregistrement des actes et conservation des hypoth\u00e8ques de Tajrish, Ostad Elahi s\u2019inscrit \u00e0 l\u2019\u00c9cole Nationale de la Magistrature.<\/td>\n<\/tr>\n<tr>\n<td class=\"column-1\">\n<h2>1934<\/h2>\n<\/td>\n<td class=\"column-2\">Premi\u00e8re affectation en tant que Juge de paix au Tribunal de Larestan.<\/td>\n<\/tr>\n<tr>\n<td class=\"column-1\">\n<h2>1937<\/h2>\n<\/td>\n<td class=\"column-2\">Juge suppl\u00e9ant et juge d\u2019instruction aupr\u00e8s du Tribunal de Premi\u00e8re Instance de Chiraz.<\/td>\n<\/tr>\n<tr>\n<td class=\"column-1\">\n<h2>1939<\/h2>\n<\/td>\n<td class=\"column-2\">Procureur pr\u00e8s le Tribunal de Premi\u00e8re Instance de Khorramabad.<\/td>\n<\/tr>\n<\/tbody>\n<\/table>\n<\/div><div class=\"fusion-clearfix\"><\/div><\/div><\/div><div class=\"fusion-layout-column fusion_builder_column fusion-builder-column-7 fusion_builder_column_1_3 1_3 fusion-one-third fusion-column-last\" style=\"--awb-bg-size:cover;width:30.6666%;\"><div class=\"fusion-column-wrapper fusion-flex-column-wrapper-legacy\"><div class=\"fusion-image-element fusion-image-align-center in-legacy-container\" style=\"text-align:center;--awb-caption-title-size:var(--h2_typography-font-size);--awb-caption-title-transform:var(--h2_typography-text-transform);--awb-caption-title-line-height:var(--h2_typography-line-height);--awb-caption-title-letter-spacing:var(--h2_typography-letter-spacing);\"><div class=\"imageframe-align-center\"><span class=\" fusion-imageframe imageframe-none imageframe-4 hover-type-none\"><img decoding=\"async\" width=\"366\" height=\"460\" title=\"Ostad Elahi 1949\" src=\"https:\/\/ostadelahi.com\/wp-content\/uploads\/ostad-elahi-1949.jpg\" alt class=\"img-responsive wp-image-4230\" srcset=\"https:\/\/ostadelahi.com\/wp-content\/uploads\/ostad-elahi-1949-200x251.jpg 200w, https:\/\/ostadelahi.com\/wp-content\/uploads\/ostad-elahi-1949.jpg 366w\" sizes=\"(max-width: 640px) 100vw, 366px\" \/><\/span><\/div><\/div><div class=\"fusion-clearfix\"><\/div><\/div><\/div><div class=\"fusion-layout-column fusion_builder_column fusion-builder-column-8 fusion_builder_column_2_3 2_3 fusion-two-third fusion-column-first\" style=\"--awb-bg-size:cover;width:65.3333%; margin-right: 4%;\"><div class=\"fusion-column-wrapper fusion-flex-column-wrapper-legacy\"><div class=\"fusion-text fusion-text-5\"><table width=\"100%\">\n<tbody>\n<tr>\n<td class=\"column-1\">\n<h2>1941<\/h2>\n<\/td>\n<td class=\"column-2\">Pr\u00e9sident du Tribunal correctionnel et membre de la Commission des restitutions fonci\u00e8res de la province de Kermanshah.<\/td>\n<\/tr>\n<tr>\n<td class=\"column-1\">\n<h2>1944<\/h2>\n<\/td>\n<td class=\"column-2\">Pr\u00e9sident du Tribunal de premi\u00e8re instance et du Tribunal correctionnel en charge de la r\u00e9pression des fraudes de Kerman.<\/td>\n<\/tr>\n<tr>\n<td class=\"column-1\">\n<h2>1944<\/h2>\n<\/td>\n<td class=\"column-2\">Conseiller \u00e0 la Cour d\u2019appel de Kermanshah.<\/td>\n<\/tr>\n<tr>\n<td class=\"column-1\">\n<h2>1945<\/h2>\n<\/td>\n<td class=\"column-2\">Procureur pr\u00e8s le Tribunal de Premi\u00e8re instance de Qom.<\/td>\n<\/tr>\n<tr>\n<td class=\"column-1\">\n<h2>1947<\/h2>\n<\/td>\n<td class=\"column-2\">Disponibilit\u00e9 en attente d\u2019une nouvelle affectation.<\/td>\n<\/tr>\n<\/tbody>\n<\/table>\n<\/div><div class=\"fusion-clearfix\"><\/div><\/div><\/div><div class=\"fusion-layout-column fusion_builder_column fusion-builder-column-9 fusion_builder_column_1_3 1_3 fusion-one-third fusion-column-last\" style=\"--awb-bg-size:cover;width:30.6666%;\"><div class=\"fusion-column-wrapper fusion-flex-column-wrapper-legacy\"><div class=\"fusion-image-element fusion-image-align-center in-legacy-container\" style=\"text-align:center;--awb-caption-title-size:var(--h2_typography-font-size);--awb-caption-title-transform:var(--h2_typography-text-transform);--awb-caption-title-line-height:var(--h2_typography-line-height);--awb-caption-title-letter-spacing:var(--h2_typography-letter-spacing);\"><div class=\"imageframe-align-center\"><span class=\" fusion-imageframe imageframe-none imageframe-5 hover-type-none\"><img decoding=\"async\" width=\"366\" height=\"460\" title=\"Ostad Elahi 1955\" src=\"https:\/\/ostadelahi.com\/wp-content\/uploads\/ostad-elahi-1955.jpg\" alt class=\"img-responsive wp-image-4234\" srcset=\"https:\/\/ostadelahi.com\/wp-content\/uploads\/ostad-elahi-1955-200x251.jpg 200w, https:\/\/ostadelahi.com\/wp-content\/uploads\/ostad-elahi-1955.jpg 366w\" sizes=\"(max-width: 640px) 100vw, 366px\" \/><\/span><\/div><\/div><div class=\"fusion-clearfix\"><\/div><\/div><\/div><div class=\"fusion-layout-column fusion_builder_column fusion-builder-column-10 fusion_builder_column_2_3 2_3 fusion-two-third fusion-column-first\" style=\"--awb-bg-size:cover;width:65.3333%; margin-right: 4%;\"><div class=\"fusion-column-wrapper fusion-flex-column-wrapper-legacy\"><div class=\"fusion-text fusion-text-6\"><table width=\"100%\">\n<tbody>\n<tr>\n<td class=\"column-1\">\n<h2>1948<\/h2>\n<\/td>\n<td class=\"column-2\">Conseiller \u00e0 la Cour d\u2019appel de Kermanshah.<\/td>\n<\/tr>\n<tr>\n<td class=\"column-1\">\n<h2>1949<\/h2>\n<\/td>\n<td class=\"column-2\">Conseiller \u00e0 la Cour d\u2019appel de l\u2019Azerba\u00efdjan.<\/td>\n<\/tr>\n<tr>\n<td class=\"column-1\">\n<h2>1949<\/h2>\n<\/td>\n<td class=\"column-2\">Directeur de l\u2019administration judiciaire et Pr\u00e9sident du Tribunal de r\u00e9pression des fraudes de la province de Jahrom.<\/td>\n<\/tr>\n<tr>\n<td class=\"column-1\">\n<h2>1952<\/h2>\n<\/td>\n<td class=\"column-2\">Premier substitut du procureur pr\u00e8s le Tribunal de Premi\u00e8re Instance de T\u00e9h\u00e9ran.<\/td>\n<\/tr>\n<tr>\n<td class=\"column-1\">\n<h2>1955<\/h2>\n<\/td>\n<td class=\"column-2\">Conseiller puis Pr\u00e9sident de la Cour d\u2019assises de la province de Mazandaran.<\/td>\n<\/tr>\n<\/tbody>\n<\/table>\n<\/div><div class=\"fusion-clearfix\"><\/div><\/div><\/div><div class=\"fusion-layout-column fusion_builder_column fusion-builder-column-11 fusion_builder_column_1_3 1_3 fusion-one-third fusion-column-last\" style=\"--awb-bg-size:cover;width:30.6666%;\"><div class=\"fusion-column-wrapper fusion-flex-column-wrapper-legacy\"><div class=\"fusion-image-element fusion-image-align-center in-legacy-container\" style=\"text-align:center;--awb-caption-title-size:var(--h2_typography-font-size);--awb-caption-title-transform:var(--h2_typography-text-transform);--awb-caption-title-line-height:var(--h2_typography-line-height);--awb-caption-title-letter-spacing:var(--h2_typography-letter-spacing);\"><div class=\"imageframe-align-center\"><span class=\" fusion-imageframe imageframe-none imageframe-6 hover-type-none\"><img decoding=\"async\" width=\"366\" height=\"460\" title=\"Ostad Elahi 1959\" src=\"https:\/\/ostadelahi.com\/wp-content\/uploads\/ostad-elahi-1959.jpg\" alt class=\"img-responsive wp-image-4238\" srcset=\"https:\/\/ostadelahi.com\/wp-content\/uploads\/ostad-elahi-1959-200x251.jpg 200w, https:\/\/ostadelahi.com\/wp-content\/uploads\/ostad-elahi-1959.jpg 366w\" sizes=\"(max-width: 640px) 100vw, 366px\" \/><\/span><\/div><\/div><div class=\"fusion-clearfix\"><\/div><\/div><\/div><div class=\"fusion-layout-column fusion_builder_column fusion-builder-column-12 fusion_builder_column_2_3 2_3 fusion-two-third fusion-column-first\" style=\"--awb-bg-size:cover;width:65.3333%; margin-right: 4%;\"><div class=\"fusion-column-wrapper fusion-flex-column-wrapper-legacy\"><div class=\"fusion-text fusion-text-7\"><table width=\"100%\">\n<tbody>\n<tr>\n<td class=\"column-1\">\n<h2>1957<\/h2>\n<\/td>\n<td class=\"column-2\">Ostad Elahi d\u00e9cide de prendre sa retraite \u00e0 l\u2019\u00e2ge de 62 ans apr\u00e8s 27 ans de service. Il s\u2019installe \u00e0 T\u00e9h\u00e9ran.<\/td>\n<\/tr>\n<tr>\n<td class=\"column-1\">\n<h2>1963<\/h2>\n<\/td>\n<td class=\"column-2\">Publication de Preuve de V\u00e9rit\u00e9.<\/td>\n<\/tr>\n<tr>\n<td class=\"column-1\">\n<h2>1967<\/h2>\n<\/td>\n<td class=\"column-2\">Publication du Commentaire du Livre des Rois de V\u00e9rit\u00e9.<\/td>\n<\/tr>\n<tr>\n<td class=\"column-1\">\n<h2>1969<\/h2>\n<\/td>\n<td class=\"column-2\">Publication de Connaissance de l\u2019\u00e2me.<\/td>\n<\/tr>\n<tr>\n<td class=\"column-1\">\n<h2>1974<\/h2>\n<\/td>\n<td class=\"column-2\">Ostad Elahi d\u00e9c\u00e8de \u00e0 T\u00e9h\u00e9ran, \u00e0 l\u2019\u00e2ge de 79 ans.<\/td>\n<\/tr>\n<\/tbody>\n<\/table>\n<\/div><div class=\"fusion-clearfix\"><\/div><\/div><\/div><div class=\"fusion-layout-column fusion_builder_column fusion-builder-column-13 fusion_builder_column_1_3 1_3 fusion-one-third fusion-column-last\" style=\"--awb-bg-size:cover;width:30.6666%;\"><div class=\"fusion-column-wrapper fusion-flex-column-wrapper-legacy\"><div class=\"fusion-image-element fusion-image-align-center in-legacy-container\" style=\"text-align:center;--awb-caption-title-size:var(--h2_typography-font-size);--awb-caption-title-transform:var(--h2_typography-text-transform);--awb-caption-title-line-height:var(--h2_typography-line-height);--awb-caption-title-letter-spacing:var(--h2_typography-letter-spacing);\"><div class=\"imageframe-align-center\"><span class=\" fusion-imageframe imageframe-none imageframe-7 hover-type-none\"><img decoding=\"async\" width=\"366\" height=\"460\" title=\"Ostad Elahi 1966\" src=\"https:\/\/ostadelahi.com\/wp-content\/uploads\/ostad-elahi-1966.jpg\" alt class=\"img-responsive wp-image-4242\" srcset=\"https:\/\/ostadelahi.com\/wp-content\/uploads\/ostad-elahi-1966-200x251.jpg 200w, https:\/\/ostadelahi.com\/wp-content\/uploads\/ostad-elahi-1966.jpg 366w\" sizes=\"(max-width: 640px) 100vw, 366px\" \/><\/span><\/div><\/div><div class=\"fusion-clearfix\"><\/div><\/div><\/div><div class=\"fusion-layout-column fusion_builder_column fusion-builder-column-14 fusion_builder_column_2_3 2_3 fusion-two-third fusion-column-first\" style=\"--awb-bg-size:cover;width:65.3333%; margin-right: 4%;\"><div class=\"fusion-column-wrapper fusion-flex-column-wrapper-legacy\"><div class=\"fusion-text fusion-text-8\"><table width=\"100%\">\n<tbody>\n<tr>\n<td class=\"column-1\">\n<h2>1978<\/h2>\n<\/td>\n<td class=\"column-2\">Publication du premier volume de Paroles de V\u00e9rit\u00e9, rassemblant une partie de l\u2019enseignement oral d\u2019Ostad Elahi.<\/td>\n<\/tr>\n<tr>\n<td class=\"column-1\">\n<h2>1982<\/h2>\n<\/td>\n<td class=\"column-2\">Destruction du mausol\u00e9e d\u2019Ostad Elahi \u00e0 Hashtgerd.<\/td>\n<\/tr>\n<tr>\n<td class=\"column-1\">\n<h2>1984<\/h2>\n<\/td>\n<td class=\"column-2\">Reconstruction d\u2019un m\u00e9morial \u00e0 Hashtgerd.<\/td>\n<\/tr>\n<tr>\n<td class=\"column-1\">\n<h2>1985<\/h2>\n<\/td>\n<td class=\"column-2\">Cr\u00e9ation aux \u00c9tats-Unis de la <a href=\"http:\/\/www.nourfoundation.com\/\" target=\"_blank\" rel=\"noopener noreferrer\">Nour Foundation<\/a>, organisme non gouvernemental d\u2019utilit\u00e9 publique inspir\u00e9 de la vie et de l\u2019\u0153uvre d\u2019Ostad Elahi.<\/td>\n<\/tr>\n<tr>\n<td class=\"column-1\">\n<h2>1992<\/h2>\n<\/td>\n<td class=\"column-2\">Publication du second volume de Paroles de V\u00e9rit\u00e9.<\/td>\n<\/tr>\n<\/tbody>\n<\/table>\n<\/div><div class=\"fusion-clearfix\"><\/div><\/div><\/div><div class=\"fusion-layout-column fusion_builder_column fusion-builder-column-15 fusion_builder_column_1_3 1_3 fusion-one-third fusion-column-last\" style=\"--awb-bg-size:cover;width:30.6666%;\"><div class=\"fusion-column-wrapper fusion-flex-column-wrapper-legacy\"><div class=\"fusion-image-element fusion-image-align-center in-legacy-container\" style=\"text-align:center;--awb-caption-title-size:var(--h2_typography-font-size);--awb-caption-title-transform:var(--h2_typography-text-transform);--awb-caption-title-line-height:var(--h2_typography-line-height);--awb-caption-title-letter-spacing:var(--h2_typography-letter-spacing);\"><div class=\"imageframe-align-center\"><span class=\" fusion-imageframe imageframe-none imageframe-8 hover-type-none\"><img decoding=\"async\" width=\"366\" height=\"460\" title=\"Ostad Elahi 1971\" src=\"https:\/\/ostadelahi.com\/wp-content\/uploads\/ostad-elahi-1971-n.jpg\" alt class=\"img-responsive wp-image-10162\" srcset=\"https:\/\/ostadelahi.com\/wp-content\/uploads\/ostad-elahi-1971-n-200x251.jpg 200w, https:\/\/ostadelahi.com\/wp-content\/uploads\/ostad-elahi-1971-n.jpg 366w\" sizes=\"(max-width: 640px) 100vw, 366px\" \/><\/span><\/div><\/div><div class=\"fusion-clearfix\"><\/div><\/div><\/div><div class=\"fusion-layout-column fusion_builder_column fusion-builder-column-16 fusion_builder_column_2_3 2_3 fusion-two-third fusion-column-first\" style=\"--awb-bg-size:cover;width:65.3333%; margin-right: 4%;\"><div class=\"fusion-column-wrapper fusion-flex-column-wrapper-legacy\"><div class=\"fusion-text fusion-text-9\"><table width=\"100%\">\n<tbody>\n<tr>\n<td class=\"column-1\">\n<h2>1993<\/h2>\n<\/td>\n<td class=\"column-2\">D\u00e9c\u00e8s de <a href=\"https:\/\/malakjan.com\/fr\/\" target=\"_blank\" rel=\"noopener noreferrer\">Malak Jan<\/a>, s\u0153ur d\u2019Ostad Elahi (aussi connue sous le nom de Sainte Janie).<\/td>\n<\/tr>\n<tr>\n<td class=\"column-1\">\n<h2>1995<\/h2>\n<\/td>\n<td class=\"column-2\">C\u00e9l\u00e9bration du centenaire de la naissance d\u2019Ostad Elahi.<\/td>\n<\/tr>\n<tr>\n<td class=\"column-1\">\n<h2>2000<\/h2>\n<\/td>\n<td class=\"column-2\">Cr\u00e9ation \u00e0 Paris de la<a href=\"http:\/\/www.fondationostadelahi.fr\/\" target=\"_blank\" rel=\"noopener noreferrer\"> Fondation Ostad Elahi, \u00e9thique et solidarit\u00e9 humaine<\/a>, reconnue d\u2019utilit\u00e9 publique.<\/td>\n<\/tr>\n<tr>\n<td class=\"column-1\">\n<h2>2014<\/h2>\n<\/td>\n<td class=\"column-2\">Exposition <a href=\"http:\/\/www.metmuseum.org\/exhibitions\/listings\/2014\/sacred-lute\" target=\"_blank\" rel=\"noopener noreferrer\">\u00ab\u00a0The Sacred Lute: The Art of Ostad Elahi\u00a0\u00bb<\/a> au Metropolitan Museum of Art de New York.<\/td>\n<\/tr>\n<tr>\n<td class=\"column-1\">\n<h2>2018<\/h2>\n<\/td>\n<td class=\"column-2\">Exposition d&rsquo;un tanbur ayant appartenu \u00e0 Ostad Elahi au sein de la collection permanente du Metropolitan Museum of Art, accompagn\u00e9 d&rsquo;une courte vid\u00e9o sur sa vie et sa musique.<\/td>\n<\/tr>\n<tr>\n<td class=\"column-1\">\n<h2>2019<\/h2>\n<\/td>\n<td class=\"column-2\">Exposition de quatre instruments suppl\u00e9mentaires dans la galerie des instruments de musique.<\/td>\n<\/tr>\n<\/tbody>\n<\/table>\n<\/div><div class=\"fusion-clearfix\"><\/div><\/div><\/div><div class=\"fusion-layout-column fusion_builder_column fusion-builder-column-17 fusion_builder_column_1_1 1_1 fusion-one-full fusion-column-last\" style=\"--awb-bg-size:cover;\"><div class=\"fusion-column-wrapper fusion-flex-column-wrapper-legacy\"><div class=\"fusion-text fusion-text-10\"><p><strong>Note:<\/strong> Dans le syst\u00e8me judiciaire iranien qui \u00e0 l\u2019\u00e9poque \u00e9tait en train de se mettre en place suivant le mod\u00e8le inquisitoire fran\u00e7ais (par opposition au mod\u00e8le accusatoire), le Tribunal \u00e9tait activement impliqu\u00e9 dans l\u2019enqu\u00eate et l\u2019examen des faits concernant les affaires criminelles. De ce fait les juges pouvaient remplir la fonction de magistrat du parquet ou de magistrat du si\u00e8ge : les magistrats du parquet ou procureurs examinaient l\u2019affaire et pr\u00e9sentaient le point de vue de la soci\u00e9t\u00e9 au juge de si\u00e8ge charg\u00e9 de pr\u00e9sider l\u2019affaire. Une carri\u00e8re judiciaire normale d\u00e9butait par la fonction de magistrat du parquet dans les petits tribunaux pour progresser vers des fonctions de magistrat du si\u00e8ge dans les cours r\u00e9gionales ou les cours d\u2019appel. Comme on peut le voir dans cette chronologie et pour des raisons d\u00e9velopp\u00e9es dans <a href=\"https:\/\/ostadelahi.com\/fr\/lhomme\/magistrature\/carriere-dans-la-magistrature\/\">la section \u00ab\u00a0magistrature\u00a0\u00bb<\/a> de ce site, la carri\u00e8re d\u2019Ostad Elahi n\u2019a pas toujours suivi cette progression naturelle.<\/p>\n<\/div><div class=\"fusion-clearfix\"><\/div><\/div><\/div><\/div><\/div><div class=\"fusion-fullwidth fullwidth-box fusion-builder-row-2 hundred-percent-fullwidth non-hundred-percent-height-scrolling fusion-no-medium-visibility fusion-no-large-visibility\" style=\"--awb-border-radius-top-left:0px;--awb-border-radius-top-right:0px;--awb-border-radius-bottom-right:0px;--awb-border-radius-bottom-left:0px;\" ><div class=\"fusion-builder-row fusion-row\"><div class=\"fusion-layout-column fusion_builder_column fusion-builder-column-18 fusion_builder_column_2_3 2_3 fusion-two-third fusion-column-first\" style=\"--awb-bg-size:cover;width:65.3333%; margin-right: 4%;\"><div class=\"fusion-column-wrapper fusion-flex-column-wrapper-legacy\"><div class=\"fusion-text fusion-text-11\"><table width=\"100%\">\n<tbody>\n<tr>\n<td class=\"column-1\">\n<h2>1871<\/h2>\n<\/td>\n<td class=\"column-2\">Naissance de <a href=\"http:\/\/hadjnemat.com\" target=\"_blank\" rel=\"noopener noreferrer\">Hadj Nemat<\/a>, p\u00e8re d\u2019Ostad Elahi, \u00e0 Jeyhounabad, petit village kurde de l\u2019ouest de l\u2019Iran.<\/td>\n<\/tr>\n<tr>\n<td class=\"column-1\">\n<h2>1894<\/h2>\n<\/td>\n<td class=\"column-2\">Mariage des parents d\u2019Ostad Elahi.<\/td>\n<\/tr>\n<tr>\n<td class=\"column-1\">\n<h2>1895<\/h2>\n<\/td>\n<td class=\"column-2\">Naissance d\u2019Ostad Elahi le 11 septembre \u00e0 Jeyhounabad.<\/td>\n<\/tr>\n<tr>\n<td class=\"column-1\">\n<h2>1900<\/h2>\n<\/td>\n<td class=\"column-2\">D\u00e9but de la vie mystique de Hadj Nemat, \u00e0 la suite d\u2019une transformation spirituelle.<\/td>\n<\/tr>\n<tr>\n<td class=\"column-1\">\n<h2>1901<\/h2>\n<\/td>\n<td class=\"column-2\">Initiation d\u2019Ostad Elahi enfant au luth tanbur.<\/td>\n<\/tr>\n<tr>\n<td class=\"column-1\">\n<h2>1905<\/h2>\n<\/td>\n<td class=\"column-2\">D\u00e9but, \u00e0 9 ans, d\u2019un cycle de retraites asc\u00e9tiques qui durera 12 ans.<\/td>\n<\/tr>\n<tr>\n<td class=\"column-1\">\n<h2>1905<\/h2>\n<\/td>\n<td class=\"column-2\">Il est consid\u00e9r\u00e9 comme un ma\u00eetre du tanbur.<\/td>\n<\/tr>\n<tr>\n<td class=\"column-1\">\n<h2>1906<\/h2>\n<\/td>\n<td class=\"column-2\">Transformation spirituelle \u00e0 l\u2019\u00e2ge de 11 ans.<\/td>\n<\/tr>\n<tr>\n<td class=\"column-1\">\n<h2>1906<\/h2>\n<\/td>\n<td class=\"column-2\">Naissance de <a href=\"https:\/\/malakjan.com\/fr\/\" target=\"_blank\" rel=\"noopener noreferrer\">Malak Jan<\/a>, s\u0153ur d\u2019Ostad Elahi ; elle poursuivra plus tard l\u2019enseignement de son fr\u00e8re.<\/td>\n<\/tr>\n<tr>\n<td class=\"column-1\">\n<h2>1917<\/h2>\n<\/td>\n<td class=\"column-2\">Fin du cycle de retraites asc\u00e9tiques.<\/td>\n<\/tr>\n<tr>\n<td class=\"column-1\">\n<h2>1917<\/h2>\n<\/td>\n<td class=\"column-2\">Mariage d\u2019Ostad Elahi.<\/td>\n<\/tr>\n<tr>\n<td class=\"column-1\">\n<h2>1920<\/h2>\n<\/td>\n<td class=\"column-2\">D\u00e9c\u00e8s de Hadj Nemat.<\/td>\n<\/tr>\n<tr>\n<td class=\"column-1\">\n<h2>1922<\/h2>\n<\/td>\n<td class=\"column-2\">Premier voyage \u00e0 T\u00e9h\u00e9ran, o\u00f9 il s\u00e9journe une ann\u00e9e.<\/td>\n<\/tr>\n<\/tbody>\n<\/table>\n<\/div><div class=\"fusion-clearfix\"><\/div><\/div><\/div><div class=\"fusion-layout-column fusion_builder_column fusion-builder-column-19 fusion_builder_column_1_3 1_3 fusion-one-third fusion-column-last\" style=\"--awb-bg-size:cover;width:30.6666%;\"><div class=\"fusion-column-wrapper fusion-flex-column-wrapper-legacy\"><div class=\"fusion-image-element fusion-image-align-center in-legacy-container\" style=\"text-align:center;--awb-caption-title-size:var(--h2_typography-font-size);--awb-caption-title-transform:var(--h2_typography-text-transform);--awb-caption-title-line-height:var(--h2_typography-line-height);--awb-caption-title-letter-spacing:var(--h2_typography-letter-spacing);\"><div class=\"imageframe-align-center\"><span class=\" fusion-imageframe imageframe-none imageframe-9 hover-type-none\"><img decoding=\"async\" width=\"366\" height=\"460\" title=\"Ostad Elahi 1922\" src=\"https:\/\/ostadelahi.com\/wp-content\/uploads\/ostad-elahi-1922.jpg\" alt class=\"img-responsive wp-image-4218\" srcset=\"https:\/\/ostadelahi.com\/wp-content\/uploads\/ostad-elahi-1922-200x251.jpg 200w, https:\/\/ostadelahi.com\/wp-content\/uploads\/ostad-elahi-1922.jpg 366w\" sizes=\"(max-width: 640px) 100vw, 366px\" \/><\/span><\/div><\/div><div class=\"fusion-clearfix\"><\/div><\/div><\/div><div class=\"fusion-layout-column fusion_builder_column fusion-builder-column-20 fusion_builder_column_2_3 2_3 fusion-two-third fusion-column-first\" style=\"--awb-bg-size:cover;width:65.3333%; margin-right: 4%;\"><div class=\"fusion-column-wrapper fusion-flex-column-wrapper-legacy\"><div class=\"fusion-text fusion-text-12\"><table width=\"100%\">\n<tbody>\n<tr>\n<td class=\"column-1\">\n<h2>1929<\/h2>\n<\/td>\n<td class=\"column-2\">Deuxi\u00e8me s\u00e9jour d\u2019environ un an \u00e0 T\u00e9h\u00e9ran.<\/td>\n<\/tr>\n<tr>\n<td class=\"column-1\">\n<h2>1930<\/h2>\n<\/td>\n<td class=\"column-2\">Entre dans la fonction publique au Bureau d\u2019enregistrement des actes et conservation des hypoth\u00e8ques de Kermanshah.<\/td>\n<\/tr>\n<tr>\n<td class=\"column-1\">\n<h2>1932<\/h2>\n<\/td>\n<td class=\"column-2\">Entre au Bureau d\u2019enregistrement des actes et conservation des hypoth\u00e8ques de Tajrish.<\/td>\n<\/tr>\n<tr>\n<td class=\"column-1\">\n<h2>1932<\/h2>\n<\/td>\n<td class=\"column-2\">Parall\u00e8lement \u00e0 ses fonctions au Bureau d\u2019enregistrement des actes et conservation des hypoth\u00e8ques de Tajrish, Ostad Elahi s\u2019inscrit \u00e0 l\u2019\u00c9cole Nationale de la Magistrature.<\/td>\n<\/tr>\n<\/tbody>\n<\/table>\n<\/div><div class=\"fusion-clearfix\"><\/div><\/div><\/div><div class=\"fusion-layout-column fusion_builder_column fusion-builder-column-21 fusion_builder_column_1_3 1_3 fusion-one-third fusion-column-last\" style=\"--awb-bg-size:cover;width:30.6666%;\"><div class=\"fusion-column-wrapper fusion-flex-column-wrapper-legacy\"><div class=\"fusion-image-element fusion-image-align-center in-legacy-container\" style=\"text-align:center;--awb-caption-title-size:var(--h2_typography-font-size);--awb-caption-title-transform:var(--h2_typography-text-transform);--awb-caption-title-line-height:var(--h2_typography-line-height);--awb-caption-title-letter-spacing:var(--h2_typography-letter-spacing);\"><div class=\"imageframe-align-center\"><span class=\" fusion-imageframe imageframe-none imageframe-10 hover-type-none\"><img decoding=\"async\" width=\"366\" height=\"460\" title=\"Ostad Elahi 1932\" src=\"https:\/\/ostadelahi.com\/wp-content\/uploads\/ostad-elahi-1932.jpg\" alt class=\"img-responsive wp-image-4222\" srcset=\"https:\/\/ostadelahi.com\/wp-content\/uploads\/ostad-elahi-1932-200x251.jpg 200w, https:\/\/ostadelahi.com\/wp-content\/uploads\/ostad-elahi-1932.jpg 366w\" sizes=\"(max-width: 640px) 100vw, 366px\" \/><\/span><\/div><\/div><div class=\"fusion-clearfix\"><\/div><\/div><\/div><div class=\"fusion-layout-column fusion_builder_column fusion-builder-column-22 fusion_builder_column_2_3 2_3 fusion-two-third fusion-column-first\" style=\"--awb-bg-size:cover;width:65.3333%; margin-right: 4%;\"><div class=\"fusion-column-wrapper fusion-flex-column-wrapper-legacy\"><div class=\"fusion-text fusion-text-13\"><table width=\"100%\">\n<tbody>\n<tr>\n<td class=\"column-1\">\n<h2>1934<\/h2>\n<\/td>\n<td class=\"column-2\">Premi\u00e8re affectation en tant que Juge de paix au Tribunal de Larestan.<\/td>\n<\/tr>\n<tr>\n<td class=\"column-1\">\n<h2>1937<\/h2>\n<\/td>\n<td class=\"column-2\">Juge suppl\u00e9ant et juge d\u2019instruction aupr\u00e8s du Tribunal de Premi\u00e8re Instance de Chiraz.<\/td>\n<\/tr>\n<tr>\n<td class=\"column-1\">\n<h2>1939<\/h2>\n<\/td>\n<td class=\"column-2\">Procureur pr\u00e8s le Tribunal de Premi\u00e8re Instance de Khorramabad.<\/td>\n<\/tr>\n<tr>\n<td class=\"column-1\">\n<h2>1941<\/h2>\n<\/td>\n<td class=\"column-2\">Pr\u00e9sident du Tribunal correctionnel et membre de la Commission des restitutions fonci\u00e8res de la province de Kermanshah.<\/td>\n<\/tr>\n<\/tbody>\n<\/table>\n<\/div><div class=\"fusion-clearfix\"><\/div><\/div><\/div><div class=\"fusion-layout-column fusion_builder_column fusion-builder-column-23 fusion_builder_column_1_3 1_3 fusion-one-third fusion-column-last\" style=\"--awb-bg-size:cover;width:30.6666%;\"><div class=\"fusion-column-wrapper fusion-flex-column-wrapper-legacy\"><div class=\"fusion-image-element fusion-image-align-center in-legacy-container\" style=\"text-align:center;--awb-caption-title-size:var(--h2_typography-font-size);--awb-caption-title-transform:var(--h2_typography-text-transform);--awb-caption-title-line-height:var(--h2_typography-line-height);--awb-caption-title-letter-spacing:var(--h2_typography-letter-spacing);\"><div class=\"imageframe-align-center\"><span class=\" fusion-imageframe imageframe-none imageframe-11 hover-type-none\"><img decoding=\"async\" width=\"366\" height=\"460\" title=\"Ostad Elahi 1941\" src=\"https:\/\/ostadelahi.com\/wp-content\/uploads\/ostad-elahi-1941.jpg\" alt class=\"img-responsive wp-image-4226\" srcset=\"https:\/\/ostadelahi.com\/wp-content\/uploads\/ostad-elahi-1941-200x251.jpg 200w, https:\/\/ostadelahi.com\/wp-content\/uploads\/ostad-elahi-1941.jpg 366w\" sizes=\"(max-width: 640px) 100vw, 366px\" \/><\/span><\/div><\/div><div class=\"fusion-clearfix\"><\/div><\/div><\/div><div class=\"fusion-layout-column fusion_builder_column fusion-builder-column-24 fusion_builder_column_2_3 2_3 fusion-two-third fusion-column-first\" style=\"--awb-bg-size:cover;width:65.3333%; margin-right: 4%;\"><div class=\"fusion-column-wrapper fusion-flex-column-wrapper-legacy\"><div class=\"fusion-text fusion-text-14\"><table width=\"100%\">\n<tbody>\n<tr>\n<td class=\"column-1\">\n<h2>1944<\/h2>\n<\/td>\n<td class=\"column-2\">Pr\u00e9sident du Tribunal de premi\u00e8re instance et du Tribunal correctionnel en charge de la r\u00e9pression des fraudes de Kerman.<\/td>\n<\/tr>\n<tr>\n<td class=\"column-1\">\n<h2>1944<\/h2>\n<\/td>\n<td class=\"column-2\">Conseiller \u00e0 la Cour d\u2019appel de Kermanshah.<\/td>\n<\/tr>\n<tr>\n<td class=\"column-1\">\n<h2>1945<\/h2>\n<\/td>\n<td class=\"column-2\">Procureur pr\u00e8s le Tribunal de Premi\u00e8re instance de Qom.<\/td>\n<\/tr>\n<tr>\n<td class=\"column-1\">\n<h2>1947<\/h2>\n<\/td>\n<td class=\"column-2\">Disponibilit\u00e9 en attente d\u2019une nouvelle affectation.<\/td>\n<\/tr>\n<tr>\n<td class=\"column-1\">\n<h2>1948<\/h2>\n<\/td>\n<td class=\"column-2\">Conseiller \u00e0 la Cour d\u2019appel de Kermanshah.<\/td>\n<\/tr>\n<tr>\n<td class=\"column-1\">\n<h2>1949<\/h2>\n<\/td>\n<td class=\"column-2\">Conseiller \u00e0 la Cour d\u2019appel de l\u2019Azerba\u00efdjan.<\/td>\n<\/tr>\n<tr>\n<td class=\"column-1\">\n<h2>1949<\/h2>\n<\/td>\n<td class=\"column-2\">Directeur de l\u2019administration judiciaire et Pr\u00e9sident du Tribunal de r\u00e9pression des fraudes de la province de Jahrom.<\/td>\n<\/tr>\n<\/tbody>\n<\/table>\n<\/div><div class=\"fusion-clearfix\"><\/div><\/div><\/div><div class=\"fusion-layout-column fusion_builder_column fusion-builder-column-25 fusion_builder_column_1_3 1_3 fusion-one-third fusion-column-last\" style=\"--awb-bg-size:cover;width:30.6666%;\"><div class=\"fusion-column-wrapper fusion-flex-column-wrapper-legacy\"><div class=\"fusion-image-element fusion-image-align-center in-legacy-container\" style=\"text-align:center;--awb-caption-title-size:var(--h2_typography-font-size);--awb-caption-title-transform:var(--h2_typography-text-transform);--awb-caption-title-line-height:var(--h2_typography-line-height);--awb-caption-title-letter-spacing:var(--h2_typography-letter-spacing);\"><div class=\"imageframe-align-center\"><span class=\" fusion-imageframe imageframe-none imageframe-12 hover-type-none\"><img decoding=\"async\" width=\"366\" height=\"460\" title=\"Ostad Elahi 1949\" src=\"https:\/\/ostadelahi.com\/wp-content\/uploads\/ostad-elahi-1949.jpg\" alt class=\"img-responsive wp-image-4230\" srcset=\"https:\/\/ostadelahi.com\/wp-content\/uploads\/ostad-elahi-1949-200x251.jpg 200w, https:\/\/ostadelahi.com\/wp-content\/uploads\/ostad-elahi-1949.jpg 366w\" sizes=\"(max-width: 640px) 100vw, 366px\" \/><\/span><\/div><\/div><div class=\"fusion-clearfix\"><\/div><\/div><\/div><div class=\"fusion-layout-column fusion_builder_column fusion-builder-column-26 fusion_builder_column_2_3 2_3 fusion-two-third fusion-column-first\" style=\"--awb-bg-size:cover;width:65.3333%; margin-right: 4%;\"><div class=\"fusion-column-wrapper fusion-flex-column-wrapper-legacy\"><div class=\"fusion-text fusion-text-15\"><table width=\"100%\">\n<tbody>\n<tr>\n<td class=\"column-1\">\n<h2>1952<\/h2>\n<\/td>\n<td class=\"column-2\">Premier substitut du procureur pr\u00e8s le Tribunal de Premi\u00e8re Instance de T\u00e9h\u00e9ran.<\/td>\n<\/tr>\n<tr>\n<td class=\"column-1\">\n<h2>1955<\/h2>\n<\/td>\n<td class=\"column-2\">Conseiller puis Pr\u00e9sident de la Cour d\u2019assises de la province de Mazandaran.<\/td>\n<\/tr>\n<\/tbody>\n<\/table>\n<\/div><div class=\"fusion-clearfix\"><\/div><\/div><\/div><div class=\"fusion-layout-column fusion_builder_column fusion-builder-column-27 fusion_builder_column_1_3 1_3 fusion-one-third fusion-column-last\" style=\"--awb-bg-size:cover;width:30.6666%;\"><div class=\"fusion-column-wrapper fusion-flex-column-wrapper-legacy\"><div class=\"fusion-image-element fusion-image-align-center in-legacy-container\" style=\"text-align:center;--awb-caption-title-size:var(--h2_typography-font-size);--awb-caption-title-transform:var(--h2_typography-text-transform);--awb-caption-title-line-height:var(--h2_typography-line-height);--awb-caption-title-letter-spacing:var(--h2_typography-letter-spacing);\"><div class=\"imageframe-align-center\"><span class=\" fusion-imageframe imageframe-none imageframe-13 hover-type-none\"><img decoding=\"async\" width=\"366\" height=\"460\" title=\"Ostad Elahi 1955\" src=\"https:\/\/ostadelahi.com\/wp-content\/uploads\/ostad-elahi-1955.jpg\" alt class=\"img-responsive wp-image-4234\" srcset=\"https:\/\/ostadelahi.com\/wp-content\/uploads\/ostad-elahi-1955-200x251.jpg 200w, https:\/\/ostadelahi.com\/wp-content\/uploads\/ostad-elahi-1955.jpg 366w\" sizes=\"(max-width: 640px) 100vw, 366px\" \/><\/span><\/div><\/div><div class=\"fusion-clearfix\"><\/div><\/div><\/div><div class=\"fusion-layout-column fusion_builder_column fusion-builder-column-28 fusion_builder_column_2_3 2_3 fusion-two-third fusion-column-first\" style=\"--awb-bg-size:cover;width:65.3333%; margin-right: 4%;\"><div class=\"fusion-column-wrapper fusion-flex-column-wrapper-legacy\"><div class=\"fusion-text fusion-text-16\"><table width=\"100%\">\n<tbody>\n<tr>\n<td class=\"column-1\">\n<h2>1957<\/h2>\n<\/td>\n<td class=\"column-2\">Ostad Elahi d\u00e9cide de prendre sa retraite \u00e0 l\u2019\u00e2ge de 62 ans apr\u00e8s 27 ans de service. Il s\u2019installe \u00e0 T\u00e9h\u00e9ran.<\/td>\n<\/tr>\n<\/tbody>\n<\/table>\n<\/div><div class=\"fusion-clearfix\"><\/div><\/div><\/div><div class=\"fusion-layout-column fusion_builder_column fusion-builder-column-29 fusion_builder_column_1_3 1_3 fusion-one-third fusion-column-last\" style=\"--awb-bg-size:cover;width:30.6666%;\"><div class=\"fusion-column-wrapper fusion-flex-column-wrapper-legacy\"><div class=\"fusion-image-element fusion-image-align-center in-legacy-container\" style=\"text-align:center;--awb-caption-title-size:var(--h2_typography-font-size);--awb-caption-title-transform:var(--h2_typography-text-transform);--awb-caption-title-line-height:var(--h2_typography-line-height);--awb-caption-title-letter-spacing:var(--h2_typography-letter-spacing);\"><div class=\"imageframe-align-center\"><span class=\" fusion-imageframe imageframe-none imageframe-14 hover-type-none\"><img decoding=\"async\" width=\"366\" height=\"460\" title=\"Ostad Elahi 1959\" src=\"https:\/\/ostadelahi.com\/wp-content\/uploads\/ostad-elahi-1959.jpg\" alt class=\"img-responsive wp-image-4238\" srcset=\"https:\/\/ostadelahi.com\/wp-content\/uploads\/ostad-elahi-1959-200x251.jpg 200w, https:\/\/ostadelahi.com\/wp-content\/uploads\/ostad-elahi-1959.jpg 366w\" sizes=\"(max-width: 640px) 100vw, 366px\" \/><\/span><\/div><\/div><div class=\"fusion-clearfix\"><\/div><\/div><\/div><div class=\"fusion-layout-column fusion_builder_column fusion-builder-column-30 fusion_builder_column_2_3 2_3 fusion-two-third fusion-column-first\" style=\"--awb-bg-size:cover;width:65.3333%; margin-right: 4%;\"><div class=\"fusion-column-wrapper fusion-flex-column-wrapper-legacy\"><div class=\"fusion-text fusion-text-17\"><table width=\"100%\">\n<tbody>\n<tr>\n<td class=\"column-1\">\n<h2>1963<\/h2>\n<\/td>\n<td class=\"column-2\">Publication de Preuve de V\u00e9rit\u00e9.<\/td>\n<\/tr>\n<\/tbody>\n<\/table>\n<\/div><div class=\"fusion-clearfix\"><\/div><\/div><\/div><div class=\"fusion-layout-column fusion_builder_column fusion-builder-column-31 fusion_builder_column_1_3 1_3 fusion-one-third fusion-column-last\" style=\"--awb-bg-size:cover;width:30.6666%;\"><div class=\"fusion-column-wrapper fusion-flex-column-wrapper-legacy\"><div class=\"fusion-image-element fusion-image-align-center in-legacy-container\" style=\"text-align:center;--awb-caption-title-size:var(--h2_typography-font-size);--awb-caption-title-transform:var(--h2_typography-text-transform);--awb-caption-title-line-height:var(--h2_typography-line-height);--awb-caption-title-letter-spacing:var(--h2_typography-letter-spacing);\"><div class=\"imageframe-align-center\"><span class=\" fusion-imageframe imageframe-none imageframe-15 hover-type-none\"><img decoding=\"async\" width=\"366\" height=\"460\" title=\"Ostad Elahi 1966\" src=\"https:\/\/ostadelahi.com\/wp-content\/uploads\/ostad-elahi-1966.jpg\" alt class=\"img-responsive wp-image-4242\" srcset=\"https:\/\/ostadelahi.com\/wp-content\/uploads\/ostad-elahi-1966-200x251.jpg 200w, https:\/\/ostadelahi.com\/wp-content\/uploads\/ostad-elahi-1966.jpg 366w\" sizes=\"(max-width: 640px) 100vw, 366px\" \/><\/span><\/div><\/div><div class=\"fusion-clearfix\"><\/div><\/div><\/div><div class=\"fusion-layout-column fusion_builder_column fusion-builder-column-32 fusion_builder_column_2_3 2_3 fusion-two-third fusion-column-first\" style=\"--awb-bg-size:cover;width:65.3333%; margin-right: 4%;\"><div class=\"fusion-column-wrapper fusion-flex-column-wrapper-legacy\"><div class=\"fusion-text fusion-text-18\"><table width=\"100%\">\n<tbody>\n<tr>\n<td class=\"column-1\">\n<h2>1967<\/h2>\n<\/td>\n<td class=\"column-2\">Publication du Commentaire du Livre des Rois de V\u00e9rit\u00e9.<\/td>\n<\/tr>\n<tr>\n<td class=\"column-1\">\n<h2>1969<\/h2>\n<\/td>\n<td class=\"column-2\">Publication de Connaissance de l\u2019\u00e2me.<\/td>\n<\/tr>\n<\/tbody>\n<\/table>\n<\/div><div class=\"fusion-clearfix\"><\/div><\/div><\/div><div class=\"fusion-layout-column fusion_builder_column fusion-builder-column-33 fusion_builder_column_1_3 1_3 fusion-one-third fusion-column-last\" style=\"--awb-bg-size:cover;width:30.6666%;\"><div class=\"fusion-column-wrapper fusion-flex-column-wrapper-legacy\"><div class=\"fusion-image-element fusion-image-align-center in-legacy-container\" style=\"text-align:center;--awb-caption-title-size:var(--h2_typography-font-size);--awb-caption-title-transform:var(--h2_typography-text-transform);--awb-caption-title-line-height:var(--h2_typography-line-height);--awb-caption-title-letter-spacing:var(--h2_typography-letter-spacing);\"><div class=\"imageframe-align-center\"><span class=\" fusion-imageframe imageframe-none imageframe-16 hover-type-none\"><img decoding=\"async\" width=\"366\" height=\"460\" title=\"Ostad Elahi 1971\" src=\"https:\/\/ostadelahi.com\/wp-content\/uploads\/ostad-elahi-1971-n.jpg\" alt class=\"img-responsive wp-image-10162\" srcset=\"https:\/\/ostadelahi.com\/wp-content\/uploads\/ostad-elahi-1971-n-200x251.jpg 200w, https:\/\/ostadelahi.com\/wp-content\/uploads\/ostad-elahi-1971-n.jpg 366w\" sizes=\"(max-width: 640px) 100vw, 366px\" \/><\/span><\/div><\/div><div class=\"fusion-clearfix\"><\/div><\/div><\/div><div class=\"fusion-layout-column fusion_builder_column fusion-builder-column-34 fusion_builder_column_2_3 2_3 fusion-two-third fusion-column-first\" style=\"--awb-bg-size:cover;width:65.3333%; margin-right: 4%;\"><div class=\"fusion-column-wrapper fusion-flex-column-wrapper-legacy\"><div class=\"fusion-text fusion-text-19\"><table width=\"100%\">\n<tbody>\n<tr>\n<td class=\"column-1\">\n<h2>1974<\/h2>\n<\/td>\n<td class=\"column-2\">Ostad Elahi d\u00e9c\u00e8de \u00e0 T\u00e9h\u00e9ran, \u00e0 l\u2019\u00e2ge de 79 ans.<\/td>\n<\/tr>\n<tr>\n<td class=\"column-1\">\n<h2>1978<\/h2>\n<\/td>\n<td class=\"column-2\">Publication du premier volume de Paroles de V\u00e9rit\u00e9, rassemblant une partie de l\u2019enseignement oral d\u2019Ostad Elahi.<\/td>\n<\/tr>\n<tr>\n<td class=\"column-1\">\n<h2>1982<\/h2>\n<\/td>\n<td class=\"column-2\">Destruction du mausol\u00e9e d\u2019Ostad Elahi \u00e0 Hashtgerd.<\/td>\n<\/tr>\n<tr>\n<td class=\"column-1\">\n<h2>1984<\/h2>\n<\/td>\n<td class=\"column-2\">Reconstruction d\u2019un m\u00e9morial \u00e0 Hashtgerd.<\/td>\n<\/tr>\n<tr>\n<td class=\"column-1\">\n<h2>1985<\/h2>\n<\/td>\n<td class=\"column-2\">Cr\u00e9ation aux \u00c9tats-Unis de la <a href=\"http:\/\/www.nourfoundation.com\/\" target=\"_blank\" rel=\"noopener noreferrer\">Nour Foundation<\/a>, organisme non gouvernemental d\u2019utilit\u00e9 publique inspir\u00e9 de la vie et de l\u2019\u0153uvre d\u2019Ostad Elahi.<\/td>\n<\/tr>\n<tr>\n<td class=\"column-1\">\n<h2>1992<\/h2>\n<\/td>\n<td class=\"column-2\">Publication du second volume de Paroles de V\u00e9rit\u00e9.<\/td>\n<\/tr>\n<tr>\n<td class=\"column-1\">\n<h2>1993<\/h2>\n<\/td>\n<td class=\"column-2\">D\u00e9c\u00e8s de <a href=\"https:\/\/malakjan.com\/fr\/\" target=\"_blank\" rel=\"noopener noreferrer\">Malak Jan<\/a>, s\u0153ur d\u2019Ostad Elahi (aussi connue sous le nom de Sainte Janie).<\/td>\n<\/tr>\n<tr>\n<td class=\"column-1\">\n<h2>1995<\/h2>\n<\/td>\n<td class=\"column-2\">C\u00e9l\u00e9bration du centenaire de la naissance d\u2019Ostad Elahi.<\/td>\n<\/tr>\n<tr>\n<td class=\"column-1\">\n<h2>2000<\/h2>\n<\/td>\n<td class=\"column-2\">Cr\u00e9ation \u00e0 Paris de la<a href=\"http:\/\/www.fondationostadelahi.fr\/\" target=\"_blank\" rel=\"noopener noreferrer\"> Fondation Ostad Elahi, \u00e9thique et solidarit\u00e9 humaine<\/a>, reconnue d\u2019utilit\u00e9 publique.<\/td>\n<\/tr>\n<tr>\n<td class=\"column-1\">\n<h2>2014<\/h2>\n<\/td>\n<td class=\"column-2\">Exposition <a href=\"http:\/\/www.metmuseum.org\/exhibitions\/listings\/2014\/sacred-lute\" target=\"_blank\" rel=\"noopener noreferrer\">\u00ab\u00a0The Sacred Lute: The Art of Ostad Elahi\u00a0\u00bb<\/a> au Metropolitan Museum of Art de New York.<\/td>\n<\/tr>\n<tr>\n<td class=\"column-1\">\n<h2>2018<\/h2>\n<\/td>\n<td class=\"column-2\">Exposition d&rsquo;un tanbur ayant appartenu \u00e0 Ostad Elahi au sein de la collection permanente du Metropolitan Museum of Art, accompagn\u00e9 d&rsquo;une courte vid\u00e9o sur sa vie et sa musique.<\/td>\n<\/tr>\n<tr>\n<td class=\"column-1\">\n<h2>2019<\/h2>\n<\/td>\n<td class=\"column-2\">Exposition de quatre instruments suppl\u00e9mentaires dans la galerie des instruments de musique.<\/td>\n<\/tr>\n<\/tbody>\n<\/table>\n<\/div><div class=\"fusion-clearfix\"><\/div><\/div><\/div><div class=\"fusion-layout-column fusion_builder_column fusion-builder-column-35 fusion_builder_column_1_1 1_1 fusion-one-full fusion-column-last\" style=\"--awb-bg-size:cover;\"><div class=\"fusion-column-wrapper fusion-flex-column-wrapper-legacy\"><div class=\"fusion-text fusion-text-20\"><p><strong>Note:<\/strong> Dans le syst\u00e8me judiciaire iranien qui \u00e0 l\u2019\u00e9poque \u00e9tait en train de se mettre en place suivant le mod\u00e8le inquisitoire fran\u00e7ais (par opposition au mod\u00e8le accusatoire), le Tribunal \u00e9tait activement impliqu\u00e9 dans l\u2019enqu\u00eate et l\u2019examen des faits concernant les affaires criminelles. De ce fait les juges pouvaient remplir la fonction de magistrat du parquet ou de magistrat du si\u00e8ge : les magistrats du parquet ou procureurs examinaient l\u2019affaire et pr\u00e9sentaient le point de vue de la soci\u00e9t\u00e9 au juge de si\u00e8ge charg\u00e9 de pr\u00e9sider l\u2019affaire. Une carri\u00e8re judiciaire normale d\u00e9butait par la fonction de magistrat du parquet dans les petits tribunaux pour progresser vers des fonctions de magistrat du si\u00e8ge dans les cours r\u00e9gionales ou les cours d\u2019appel. Comme on peut le voir dans cette chronologie et pour des raisons d\u00e9velopp\u00e9es dans <a href=\"\/fr\/lhomme\/magistrature\/carriere-dans-la-magistrature\/\">la section \u00ab\u00a0magistrature\u00a0\u00bb<\/a> de ce site, la carri\u00e8re d\u2019Ostad Elahi n\u2019a pas toujours suivi cette progression naturelle.<\/p>\n<\/div><div class=\"fusion-clearfix\"><\/div><\/div><\/div><\/div><\/div><\/p>\n","protected":false},"excerpt":{"rendered":"","protected":false},"author":1,"featured_media":0,"parent":2027,"menu_order":31,"comment_status":"open","ping_status":"closed","template":"side-navigation.php","meta":{"footnotes":""},"class_list":["post-874","page","type-page","status-publish","hentry"],"yoast_head":"<!-- This site is optimized with the Yoast SEO plugin v20.3 - https:\/\/yoast.com\/wordpress\/plugins\/seo\/ -->\n<title>Chronologie - Ostad Elahi<\/title>\n<meta name=\"robots\" content=\"index, follow, max-snippet:-1, max-image-preview:large, max-video-preview:-1\" \/>\n<link rel=\"canonical\" href=\"https:\/\/ostadelahi.com\/life\/chronology\/\" \/>\n<meta property=\"og:locale\" content=\"fr_FR\" \/>\n<meta property=\"og:type\" content=\"article\" \/>\n<meta property=\"og:title\" content=\"Chronologie - Ostad Elahi\" \/>\n<meta property=\"og:url\" content=\"https:\/\/ostadelahi.com\/life\/chronology\/\" \/>\n<meta property=\"og:site_name\" content=\"Ostad Elahi\" \/>\n<meta property=\"article:modified_time\" content=\"2022-07-02T03:59:39+00:00\" \/>\n<meta name=\"twitter:card\" content=\"summary_large_image\" \/>\n<meta name=\"twitter:label1\" content=\"Dur\u00e9e de lecture estim\u00e9e\" \/>\n\t<meta name=\"twitter:data1\" content=\"30 minutes\" \/>\n<script type=\"application\/ld+json\" class=\"yoast-schema-graph\">{\"@context\":\"https:\/\/schema.org\",\"@graph\":[{\"@type\":\"WebPage\",\"@id\":\"https:\/\/ostadelahi.com\/life\/chronology\/\",\"url\":\"https:\/\/ostadelahi.com\/life\/chronology\/\",\"name\":\"Chronologie - Ostad Elahi\",\"isPartOf\":{\"@id\":\"https:\/\/ostadelahi.com\/#website\"},\"datePublished\":\"2013-01-21T08:29:35+00:00\",\"dateModified\":\"2022-07-02T03:59:39+00:00\",\"breadcrumb\":{\"@id\":\"https:\/\/ostadelahi.com\/life\/chronology\/#breadcrumb\"},\"inLanguage\":\"fr-FR\",\"potentialAction\":[{\"@type\":\"ReadAction\",\"target\":[\"https:\/\/ostadelahi.com\/life\/chronology\/\"]}]},{\"@type\":\"BreadcrumbList\",\"@id\":\"https:\/\/ostadelahi.com\/life\/chronology\/#breadcrumb\",\"itemListElement\":[{\"@type\":\"ListItem\",\"position\":1,\"name\":\"Home\",\"item\":\"https:\/\/ostadelahi.com\/fr\/\"},{\"@type\":\"ListItem\",\"position\":2,\"name\":\"L&#8217;homme\",\"item\":\"https:\/\/ostadelahi.com\/life\/\"},{\"@type\":\"ListItem\",\"position\":3,\"name\":\"Chronologie\"}]},{\"@type\":\"WebSite\",\"@id\":\"https:\/\/ostadelahi.com\/#website\",\"url\":\"https:\/\/ostadelahi.com\/\",\"name\":\"Ostad Elahi\",\"description\":\"The official website on the life, work, and music of Ostad Elahi (1895-1974).\",\"potentialAction\":[{\"@type\":\"SearchAction\",\"target\":{\"@type\":\"EntryPoint\",\"urlTemplate\":\"https:\/\/ostadelahi.com\/?s={search_term_string}\"},\"query-input\":\"required name=search_term_string\"}],\"inLanguage\":\"fr-FR\"}]}<\/script>\n<!-- \/ Yoast SEO plugin. -->","yoast_head_json":{"title":"Chronologie - Ostad Elahi","robots":{"index":"index","follow":"follow","max-snippet":"max-snippet:-1","max-image-preview":"max-image-preview:large","max-video-preview":"max-video-preview:-1"},"canonical":"https:\/\/ostadelahi.com\/life\/chronology\/","og_locale":"fr_FR","og_type":"article","og_title":"Chronologie - Ostad Elahi","og_url":"https:\/\/ostadelahi.com\/life\/chronology\/","og_site_name":"Ostad Elahi","article_modified_time":"2022-07-02T03:59:39+00:00","twitter_card":"summary_large_image","twitter_misc":{"Dur\u00e9e de lecture estim\u00e9e":"30 minutes"},"schema":{"@context":"https:\/\/schema.org","@graph":[{"@type":"WebPage","@id":"https:\/\/ostadelahi.com\/life\/chronology\/","url":"https:\/\/ostadelahi.com\/life\/chronology\/","name":"Chronologie - Ostad Elahi","isPartOf":{"@id":"https:\/\/ostadelahi.com\/#website"},"datePublished":"2013-01-21T08:29:35+00:00","dateModified":"2022-07-02T03:59:39+00:00","breadcrumb":{"@id":"https:\/\/ostadelahi.com\/life\/chronology\/#breadcrumb"},"inLanguage":"fr-FR","potentialAction":[{"@type":"ReadAction","target":["https:\/\/ostadelahi.com\/life\/chronology\/"]}]},{"@type":"BreadcrumbList","@id":"https:\/\/ostadelahi.com\/life\/chronology\/#breadcrumb","itemListElement":[{"@type":"ListItem","position":1,"name":"Home","item":"https:\/\/ostadelahi.com\/fr\/"},{"@type":"ListItem","position":2,"name":"L&#8217;homme","item":"https:\/\/ostadelahi.com\/life\/"},{"@type":"ListItem","position":3,"name":"Chronologie"}]},{"@type":"WebSite","@id":"https:\/\/ostadelahi.com\/#website","url":"https:\/\/ostadelahi.com\/","name":"Ostad Elahi","description":"The official website on the life, work, and music of Ostad Elahi (1895-1974).","potentialAction":[{"@type":"SearchAction","target":{"@type":"EntryPoint","urlTemplate":"https:\/\/ostadelahi.com\/?s={search_term_string}"},"query-input":"required name=search_term_string"}],"inLanguage":"fr-FR"}]}},"_links":{"self":[{"href":"https:\/\/ostadelahi.com\/fr\/wp-json\/wp\/v2\/pages\/874","targetHints":{"allow":["GET"]}}],"collection":[{"href":"https:\/\/ostadelahi.com\/fr\/wp-json\/wp\/v2\/pages"}],"about":[{"href":"https:\/\/ostadelahi.com\/fr\/wp-json\/wp\/v2\/types\/page"}],"author":[{"embeddable":true,"href":"https:\/\/ostadelahi.com\/fr\/wp-json\/wp\/v2\/users\/1"}],"replies":[{"embeddable":true,"href":"https:\/\/ostadelahi.com\/fr\/wp-json\/wp\/v2\/comments?post=874"}],"version-history":[{"count":26,"href":"https:\/\/ostadelahi.com\/fr\/wp-json\/wp\/v2\/pages\/874\/revisions"}],"predecessor-version":[{"id":11545,"href":"https:\/\/ostadelahi.com\/fr\/wp-json\/wp\/v2\/pages\/874\/revisions\/11545"}],"up":[{"embeddable":true,"href":"https:\/\/ostadelahi.com\/fr\/wp-json\/wp\/v2\/pages\/2027"}],"wp:attachment":[{"href":"https:\/\/ostadelahi.com\/fr\/wp-json\/wp\/v2\/media?parent=874"}],"curies":[{"name":"wp","href":"https:\/\/api.w.org\/{rel}","templated":true}]}}