{"id":1132,"date":"2013-01-21T03:29:10","date_gmt":"2013-01-21T08:29:10","guid":{"rendered":"https:\/\/ostadelahi.com\/?page_id=1132"},"modified":"2022-06-05T20:55:01","modified_gmt":"2022-06-06T01:55:01","slug":"le-centenaire-de-la-naissance-dostad-elahi","status":"publish","type":"page","link":"https:\/\/ostadelahi.com\/fr\/lhomme\/expositions\/le-centenaire-de-la-naissance-dostad-elahi\/","title":{"rendered":"Le centenaire de la naissance d\u2019Ostad Elahi"},"content":{"rendered":"<div class=\"fusion-fullwidth fullwidth-box fusion-builder-row-1 hundred-percent-fullwidth non-hundred-percent-height-scrolling\" style=\"--awb-border-radius-top-left:0px;--awb-border-radius-top-right:0px;--awb-border-radius-bottom-right:0px;--awb-border-radius-bottom-left:0px;--awb-overflow:visible;\" ><div class=\"fusion-builder-row fusion-row\"><div class=\"fusion-layout-column fusion_builder_column fusion-builder-column-0 fusion_builder_column_1_1 1_1 fusion-one-full fusion-column-first fusion-column-last\" style=\"--awb-bg-size:cover;\"><div class=\"fusion-column-wrapper fusion-flex-column-wrapper-legacy\"><div class=\"fusion-text fusion-text-1\"><p>\u00c0 l\u2019occasion du centenaire de la naissance d\u2019Ostad Elahi en 1995, plusieurs symposiums internationaux ont \u00e9t\u00e9 organis\u00e9s \u00e0 la Sorbonne, University of London, New York University et University of California Los Angeles, rassemblant des personnalit\u00e9s et sp\u00e9cialistes des mondes scientifique, juridique, litt\u00e9raire, th\u00e9ologique et musical autour du th\u00e8me \u00ab Le spirituel : pluralit\u00e9 et unit\u00e9 \u00bb. Les nombreuses conf\u00e9rences et tables rondes ont trait\u00e9 de sujets tels que l\u2019unit\u00e9 des religions, l\u2019\u00e9thique et le droit, la science et la spiritualit\u00e9 ou encore les expressions du spirituel \u00e0 travers l\u2019histoire. Parall\u00e8lement \u00e0 ces manifestations, une exposition sur la vie et l\u2019\u0153uvre d\u2019Ostad Elahi s\u2019est tenue \u00e0 la Chapelle de la Sorbonne \u00e0 Paris.<\/p>\n<h2 style=\"text-align: center;\">Vie et \u0153uvre d\u2019Ostad Elahi<\/h2>\n<h4 style=\"text-align: center;\">Chapelle de la Sorbonne, Paris,<br \/>\ndu 6 septembre au 31 octobre 1995.<\/h4>\n<p>Cette exposition a \u00e9t\u00e9 organis\u00e9e sous le patronage de l\u2019Unesco et du Minist\u00e8re de la culture, en partenariat avec l\u2019Acad\u00e9mie de Paris.<\/p>\n<p>L\u2019exposition \u00e9tait divis\u00e9e, selon un ordre chronologique, en 3 sections marquant les 3 principales \u00e9tapes de la vie d\u2019Ostad Elahi :<\/p>\n<\/div><div class=\"fusion-clearfix\"><\/div><\/div><\/div><div class=\"fusion-layout-column fusion_builder_column fusion-builder-column-1 fusion_builder_column_1_1 1_1 fusion-one-full fusion-column-first fusion-column-last\" style=\"--awb-bg-size:cover;--awb-border-color:#ffffff;--awb-border-top:40px;--awb-border-right:40px;--awb-border-bottom:40px;--awb-border-left:40px;--awb-border-style:solid;\"><div class=\"fusion-column-wrapper fusion-flex-column-wrapper-legacy\"><div class=\"fusion-image-element fusion-image-align-center in-legacy-container\" style=\"text-align:center;--awb-caption-title-size:var(--h2_typography-font-size);--awb-caption-title-transform:var(--h2_typography-text-transform);--awb-caption-title-line-height:var(--h2_typography-line-height);--awb-caption-title-letter-spacing:var(--h2_typography-letter-spacing);\"><div class=\"imageframe-align-center\"><span class=\" fusion-imageframe imageframe-none imageframe-1 hover-type-none\" style=\"border:1px solid #d6d6d6;\"><img decoding=\"async\" width=\"1698\" height=\"916\" src=\"https:\/\/ostadelahi.com\/wp-content\/uploads\/expo-dawn-a.jpg\" alt class=\"img-responsive wp-image-9532\" srcset=\"https:\/\/ostadelahi.com\/wp-content\/uploads\/expo-dawn-a-200x108.jpg 200w, https:\/\/ostadelahi.com\/wp-content\/uploads\/expo-dawn-a-400x216.jpg 400w, https:\/\/ostadelahi.com\/wp-content\/uploads\/expo-dawn-a-600x324.jpg 600w, https:\/\/ostadelahi.com\/wp-content\/uploads\/expo-dawn-a-800x432.jpg 800w, https:\/\/ostadelahi.com\/wp-content\/uploads\/expo-dawn-a-1200x647.jpg 1200w, https:\/\/ostadelahi.com\/wp-content\/uploads\/expo-dawn-a.jpg 1698w\" sizes=\"(max-width: 640px) 100vw, 1200px\" \/><\/span><\/div><\/div><div class=\"fusion-sep-clear\"><\/div><div class=\"fusion-separator fusion-full-width-sep\" style=\"margin-left: auto;margin-right: auto;margin-top:10px;width:100%;\"><\/div><div class=\"fusion-sep-clear\"><\/div><div class=\"fusion-text fusion-text-2\"><p><strong>L\u2019Aube (1895-1920)\u00a0:<\/strong> Cette section \u00e9tait consacr\u00e9e \u00e0 l\u2019enfance, l\u2019adolescence et la jeunesse d\u2019Ostad Elahi, enti\u00e8rement d\u00e9volues \u00e0 la contemplation, l\u2019\u00e9tude, la pri\u00e8re et \u00e0 la musique. Cette section s\u2019achevait sur une vitrine contenant les cheveux tress\u00e9s d\u2019Ostad, qu\u2019il avait coup\u00e9s \u00e0 l\u2019\u00e2ge de 34 ans, acte symbolique marquant son renoncement \u00e0 la vie mystique.<\/p>\n<\/div><div class=\"fusion-sep-clear\"><\/div><div class=\"fusion-separator fusion-full-width-sep\" style=\"margin-left: auto;margin-right: auto;margin-bottom:40px;width:100%;\"><\/div><div class=\"fusion-sep-clear\"><\/div><div class=\"fusion-image-element fusion-image-align-center in-legacy-container\" style=\"text-align:center;--awb-caption-title-size:var(--h2_typography-font-size);--awb-caption-title-transform:var(--h2_typography-text-transform);--awb-caption-title-line-height:var(--h2_typography-line-height);--awb-caption-title-letter-spacing:var(--h2_typography-letter-spacing);\"><div class=\"imageframe-align-center\"><span class=\" fusion-imageframe imageframe-none imageframe-2 hover-type-none\" style=\"border:1px solid #d6d6d6;\"><img decoding=\"async\" width=\"1698\" height=\"916\" src=\"https:\/\/ostadelahi.com\/wp-content\/uploads\/expo-rising-sun-a.jpg\" alt class=\"img-responsive wp-image-9536\" srcset=\"https:\/\/ostadelahi.com\/wp-content\/uploads\/expo-rising-sun-a-200x108.jpg 200w, https:\/\/ostadelahi.com\/wp-content\/uploads\/expo-rising-sun-a-400x216.jpg 400w, https:\/\/ostadelahi.com\/wp-content\/uploads\/expo-rising-sun-a-600x324.jpg 600w, https:\/\/ostadelahi.com\/wp-content\/uploads\/expo-rising-sun-a-800x432.jpg 800w, https:\/\/ostadelahi.com\/wp-content\/uploads\/expo-rising-sun-a-1200x647.jpg 1200w, https:\/\/ostadelahi.com\/wp-content\/uploads\/expo-rising-sun-a.jpg 1698w\" sizes=\"(max-width: 640px) 100vw, 1200px\" \/><\/span><\/div><\/div><div class=\"fusion-sep-clear\"><\/div><div class=\"fusion-separator fusion-full-width-sep\" style=\"margin-left: auto;margin-right: auto;margin-top:10px;width:100%;\"><\/div><div class=\"fusion-sep-clear\"><\/div><div class=\"fusion-text fusion-text-3\"><p><strong>Le Lever du soleil (1920-1957)\u00a0:<\/strong> Cette section retrace la p\u00e9riode d\u00e9cisive de la vie d\u2019Ostad Elahi o\u00f9 il choisit de rompre avec la m\u00e9thode du mysticisme classique marqu\u00e9 par la pratique asc\u00e9tique et la contemplation pour s\u2019engager dans une vie active au sein de la soci\u00e9t\u00e9. Pour Ostad, cette nouvelle approche \u00e9tait en effet mieux adapt\u00e9e au monde moderne et n\u00e9cessaire au d\u00e9veloppement spirituel de l\u2019individu. C\u2019est ainsi qu\u2019il devint magistrat et consacra 27 ans de sa vie au service de la Justice.<\/p>\n<\/div><div class=\"fusion-sep-clear\"><\/div><div class=\"fusion-separator fusion-full-width-sep\" style=\"margin-left: auto;margin-right: auto;margin-bottom:40px;width:100%;\"><\/div><div class=\"fusion-sep-clear\"><\/div><div class=\"fusion-image-element fusion-image-align-center in-legacy-container\" style=\"text-align:center;--awb-caption-title-size:var(--h2_typography-font-size);--awb-caption-title-transform:var(--h2_typography-text-transform);--awb-caption-title-line-height:var(--h2_typography-line-height);--awb-caption-title-letter-spacing:var(--h2_typography-letter-spacing);\"><div class=\"imageframe-align-center\"><span class=\" fusion-imageframe imageframe-none imageframe-3 hover-type-none\" style=\"border:1px solid #d6d6d6;\"><img decoding=\"async\" width=\"1698\" height=\"916\" src=\"https:\/\/ostadelahi.com\/wp-content\/uploads\/expo-full-sun-a.jpg\" alt class=\"img-responsive wp-image-9541\" srcset=\"https:\/\/ostadelahi.com\/wp-content\/uploads\/expo-full-sun-a-200x108.jpg 200w, https:\/\/ostadelahi.com\/wp-content\/uploads\/expo-full-sun-a-400x216.jpg 400w, https:\/\/ostadelahi.com\/wp-content\/uploads\/expo-full-sun-a-600x324.jpg 600w, https:\/\/ostadelahi.com\/wp-content\/uploads\/expo-full-sun-a-800x432.jpg 800w, https:\/\/ostadelahi.com\/wp-content\/uploads\/expo-full-sun-a-1200x647.jpg 1200w, https:\/\/ostadelahi.com\/wp-content\/uploads\/expo-full-sun-a.jpg 1698w\" sizes=\"(max-width: 640px) 100vw, 1200px\" \/><\/span><\/div><\/div><div class=\"fusion-sep-clear\"><\/div><div class=\"fusion-separator fusion-full-width-sep\" style=\"margin-left: auto;margin-right: auto;margin-top:10px;width:100%;\"><\/div><div class=\"fusion-sep-clear\"><\/div><div class=\"fusion-text fusion-text-4\"><p><strong>Le Plein soleil (1957-1974)\u00a0:<\/strong> Cette derni\u00e8re section couvrait la p\u00e9riode o\u00f9, ayant pris sa retraite, Ostad se consacra, outre la pratique de sa musique, \u00e0 l\u2019\u00e9criture de plusieurs ouvrages tout en recevant de nombreux visiteurs.<\/p>\n<\/div><div class=\"fusion-clearfix\"><\/div><\/div><\/div><div class=\"fusion-layout-column fusion_builder_column fusion-builder-column-2 fusion_builder_column_1_1 1_1 fusion-one-full fusion-column-first fusion-column-last\" style=\"--awb-bg-size:cover;\"><div class=\"fusion-column-wrapper fusion-flex-column-wrapper-legacy\"><div class=\"fusion-text fusion-text-5\"><p>Pour chacune de ces p\u00e9riodes, l\u2019exposition pr\u00e9sentait des textes, des photographies, des anecdotes autobiographiques ainsi que des objets personnels permettant de se familiariser progressivement avec la personnalit\u00e9 d\u2019Ostad Elahi. Parmi ces objet, on pouvait notamment admirer les armes et accessoires traditionnels des derviches du XIX<sup>e<\/sup> si\u00e8cle, des exercices et mat\u00e9riels de calligraphie, des manuscrits anciens dont certaines de ses \u0153uvres philosophiques, th\u00e9ologiques ou litt\u00e9raires.<\/p>\n<p>Un salon de musique compl\u00e9tait l\u2019exposition, diffusant pour la premi\u00e8re fois aupr\u00e8s du public le tanbur d\u2019Ostad. Une partie importante de la collection d\u2019instruments de musique ayant appartenu \u00e0 Ostad et \u00e0 son p\u00e8re y \u00e9taient expos\u00e9s (tanbur, setar, daf\u2026).<\/p>\n<p>Une visite virtuelle de cette exposition, cr\u00e9\u00e9e par des passionn\u00e9s, est accessible \u00e0 l\u2019adresse\u00a0<a title=\"Expo Tour\" href=\"http:\/\/www.ostadexpo.com\/ExpoTour\" target=\"_blank\" rel=\"noopener noreferrer\">http:\/\/www.ostadexpo.com\/ExpoTour<\/a>.<\/p>\n<\/div><div class=\"fusion-clearfix\"><\/div><\/div><\/div><\/div><\/div>\n","protected":false},"excerpt":{"rendered":"","protected":false},"author":1,"featured_media":0,"parent":2051,"menu_order":3,"comment_status":"open","ping_status":"closed","template":"side-navigation.php","meta":{"footnotes":""},"class_list":["post-1132","page","type-page","status-publish","hentry"],"yoast_head":"<!-- This site is optimized with the Yoast SEO plugin v20.3 - https:\/\/yoast.com\/wordpress\/plugins\/seo\/ -->\n<title>Le centenaire de la naissance d\u2019Ostad Elahi - Ostad Elahi<\/title>\n<meta name=\"robots\" content=\"index, follow, max-snippet:-1, max-image-preview:large, max-video-preview:-1\" \/>\n<link rel=\"canonical\" href=\"https:\/\/ostadelahi.com\/life\/exhibitions\/centennial\/\" \/>\n<meta property=\"og:locale\" content=\"fr_FR\" \/>\n<meta property=\"og:type\" content=\"article\" \/>\n<meta property=\"og:title\" content=\"Le centenaire de la naissance d\u2019Ostad Elahi - Ostad Elahi\" \/>\n<meta property=\"og:url\" content=\"https:\/\/ostadelahi.com\/life\/exhibitions\/centennial\/\" \/>\n<meta property=\"og:site_name\" content=\"Ostad Elahi\" \/>\n<meta property=\"article:modified_time\" content=\"2022-06-06T01:55:01+00:00\" \/>\n<meta name=\"twitter:card\" content=\"summary_large_image\" \/>\n<meta name=\"twitter:label1\" content=\"Dur\u00e9e de lecture estim\u00e9e\" \/>\n\t<meta name=\"twitter:data1\" content=\"6 minutes\" \/>\n<script type=\"application\/ld+json\" class=\"yoast-schema-graph\">{\"@context\":\"https:\/\/schema.org\",\"@graph\":[{\"@type\":\"WebPage\",\"@id\":\"https:\/\/ostadelahi.com\/life\/exhibitions\/centennial\/\",\"url\":\"https:\/\/ostadelahi.com\/life\/exhibitions\/centennial\/\",\"name\":\"Le centenaire de la naissance d\u2019Ostad Elahi - Ostad Elahi\",\"isPartOf\":{\"@id\":\"https:\/\/ostadelahi.com\/#website\"},\"datePublished\":\"2013-01-21T08:29:10+00:00\",\"dateModified\":\"2022-06-06T01:55:01+00:00\",\"breadcrumb\":{\"@id\":\"https:\/\/ostadelahi.com\/life\/exhibitions\/centennial\/#breadcrumb\"},\"inLanguage\":\"fr-FR\",\"potentialAction\":[{\"@type\":\"ReadAction\",\"target\":[\"https:\/\/ostadelahi.com\/life\/exhibitions\/centennial\/\"]}]},{\"@type\":\"BreadcrumbList\",\"@id\":\"https:\/\/ostadelahi.com\/life\/exhibitions\/centennial\/#breadcrumb\",\"itemListElement\":[{\"@type\":\"ListItem\",\"position\":1,\"name\":\"Home\",\"item\":\"https:\/\/ostadelahi.com\/fr\/\"},{\"@type\":\"ListItem\",\"position\":2,\"name\":\"L&#8217;homme\",\"item\":\"https:\/\/ostadelahi.com\/life\/\"},{\"@type\":\"ListItem\",\"position\":3,\"name\":\"Expositions\",\"item\":\"https:\/\/ostadelahi.com\/life\/exhibitions\/\"},{\"@type\":\"ListItem\",\"position\":4,\"name\":\"Le centenaire de la naissance d\u2019Ostad Elahi\"}]},{\"@type\":\"WebSite\",\"@id\":\"https:\/\/ostadelahi.com\/#website\",\"url\":\"https:\/\/ostadelahi.com\/\",\"name\":\"Ostad Elahi\",\"description\":\"The official website on the life, work, and music of Ostad Elahi (1895-1974).\",\"potentialAction\":[{\"@type\":\"SearchAction\",\"target\":{\"@type\":\"EntryPoint\",\"urlTemplate\":\"https:\/\/ostadelahi.com\/?s={search_term_string}\"},\"query-input\":\"required name=search_term_string\"}],\"inLanguage\":\"fr-FR\"}]}<\/script>\n<!-- \/ Yoast SEO plugin. -->","yoast_head_json":{"title":"Le centenaire de la naissance d\u2019Ostad Elahi - Ostad Elahi","robots":{"index":"index","follow":"follow","max-snippet":"max-snippet:-1","max-image-preview":"max-image-preview:large","max-video-preview":"max-video-preview:-1"},"canonical":"https:\/\/ostadelahi.com\/life\/exhibitions\/centennial\/","og_locale":"fr_FR","og_type":"article","og_title":"Le centenaire de la naissance d\u2019Ostad Elahi - Ostad Elahi","og_url":"https:\/\/ostadelahi.com\/life\/exhibitions\/centennial\/","og_site_name":"Ostad Elahi","article_modified_time":"2022-06-06T01:55:01+00:00","twitter_card":"summary_large_image","twitter_misc":{"Dur\u00e9e de lecture estim\u00e9e":"6 minutes"},"schema":{"@context":"https:\/\/schema.org","@graph":[{"@type":"WebPage","@id":"https:\/\/ostadelahi.com\/life\/exhibitions\/centennial\/","url":"https:\/\/ostadelahi.com\/life\/exhibitions\/centennial\/","name":"Le centenaire de la naissance d\u2019Ostad Elahi - Ostad Elahi","isPartOf":{"@id":"https:\/\/ostadelahi.com\/#website"},"datePublished":"2013-01-21T08:29:10+00:00","dateModified":"2022-06-06T01:55:01+00:00","breadcrumb":{"@id":"https:\/\/ostadelahi.com\/life\/exhibitions\/centennial\/#breadcrumb"},"inLanguage":"fr-FR","potentialAction":[{"@type":"ReadAction","target":["https:\/\/ostadelahi.com\/life\/exhibitions\/centennial\/"]}]},{"@type":"BreadcrumbList","@id":"https:\/\/ostadelahi.com\/life\/exhibitions\/centennial\/#breadcrumb","itemListElement":[{"@type":"ListItem","position":1,"name":"Home","item":"https:\/\/ostadelahi.com\/fr\/"},{"@type":"ListItem","position":2,"name":"L&#8217;homme","item":"https:\/\/ostadelahi.com\/life\/"},{"@type":"ListItem","position":3,"name":"Expositions","item":"https:\/\/ostadelahi.com\/life\/exhibitions\/"},{"@type":"ListItem","position":4,"name":"Le centenaire de la naissance d\u2019Ostad Elahi"}]},{"@type":"WebSite","@id":"https:\/\/ostadelahi.com\/#website","url":"https:\/\/ostadelahi.com\/","name":"Ostad Elahi","description":"The official website on the life, work, and music of Ostad Elahi (1895-1974).","potentialAction":[{"@type":"SearchAction","target":{"@type":"EntryPoint","urlTemplate":"https:\/\/ostadelahi.com\/?s={search_term_string}"},"query-input":"required name=search_term_string"}],"inLanguage":"fr-FR"}]}},"_links":{"self":[{"href":"https:\/\/ostadelahi.com\/fr\/wp-json\/wp\/v2\/pages\/1132","targetHints":{"allow":["GET"]}}],"collection":[{"href":"https:\/\/ostadelahi.com\/fr\/wp-json\/wp\/v2\/pages"}],"about":[{"href":"https:\/\/ostadelahi.com\/fr\/wp-json\/wp\/v2\/types\/page"}],"author":[{"embeddable":true,"href":"https:\/\/ostadelahi.com\/fr\/wp-json\/wp\/v2\/users\/1"}],"replies":[{"embeddable":true,"href":"https:\/\/ostadelahi.com\/fr\/wp-json\/wp\/v2\/comments?post=1132"}],"version-history":[{"count":5,"href":"https:\/\/ostadelahi.com\/fr\/wp-json\/wp\/v2\/pages\/1132\/revisions"}],"predecessor-version":[{"id":11490,"href":"https:\/\/ostadelahi.com\/fr\/wp-json\/wp\/v2\/pages\/1132\/revisions\/11490"}],"up":[{"embeddable":true,"href":"https:\/\/ostadelahi.com\/fr\/wp-json\/wp\/v2\/pages\/2051"}],"wp:attachment":[{"href":"https:\/\/ostadelahi.com\/fr\/wp-json\/wp\/v2\/media?parent=1132"}],"curies":[{"name":"wp","href":"https:\/\/api.w.org\/{rel}","templated":true}]}}