{"id":1538,"date":"2013-01-21T03:29:10","date_gmt":"2013-01-21T08:29:10","guid":{"rendered":"https:\/\/ostadelahi.com\/?page_id=1538"},"modified":"2023-03-18T14:40:04","modified_gmt":"2023-03-18T19:40:04","slug":"hundertjahrfeier","status":"publish","type":"page","link":"https:\/\/ostadelahi.com\/de\/leben\/ausstellungen\/hundertjahrfeier\/","title":{"rendered":"Hundertjahrfeier"},"content":{"rendered":"<div class=\"fusion-fullwidth fullwidth-box fusion-builder-row-1 hundred-percent-fullwidth non-hundred-percent-height-scrolling\" style=\"--awb-border-radius-top-left:0px;--awb-border-radius-top-right:0px;--awb-border-radius-bottom-right:0px;--awb-border-radius-bottom-left:0px;--awb-overflow:visible;\" ><div class=\"fusion-builder-row fusion-row\"><div class=\"fusion-layout-column fusion_builder_column fusion-builder-column-0 fusion_builder_column_1_1 1_1 fusion-one-full fusion-column-first fusion-column-last\" style=\"--awb-bg-size:cover;\"><div class=\"fusion-column-wrapper fusion-flex-column-wrapper-legacy\"><div class=\"fusion-text fusion-text-1\"><p>Anl\u00e4sslich des 100. Geburtstags von Ostad Elahi wurden mehrere internationale Symposien an Universit\u00e4ten in Europa und USA abgehalten (Sorbonne in Paris; University of London; New York University; University of California in Los Angeles). Bekannte Pers\u00f6nlichkeiten und Experten aus Wissenschaft, Recht, Literatur, Theologie und Musik brachten ihre \u00dcberlegungen zur Leitidee \u201aSpiritualit\u00e4t: Pluralit\u00e4t und Einheit\u2018 ein. In einer Vielzahl von Vortr\u00e4gen und Podiumsdiskussionen tauschte man sich aus \u00fcber Themen wie die Einheit der Religionen, die Ethik und das Recht, die Wissenschaft und die Spiritualit\u00e4t oder auch die verschiedenen Ausdrucksformen der Spiritualit\u00e4t im Laufe der Geschichte. Parallel zu diesen Darbietungen fand eine Ausstellung zu Leben und Werk von Ostad Elahi in der Kapelle der Sorbonne in Paris statt.<\/p>\n<h2 style=\"text-align: center;\">Leben und Werk von Ostad Elahi<\/h2>\n<h4 style=\"text-align: center;\">Chapelle de la Sorbonne, Paris<br \/>\n6. September bis 31. Oktober 1995<\/h4>\n<p>Diese Ausstellung wurde unter der Schirmherrschaft der UNESCO und des franz\u00f6sischen Ministeriums f\u00fcr Kultur und in Kooperation mit der Akademie von Paris organisiert.<\/p>\n<p>Die Ausstellung war chronologisch angeordnet und in drei Stationen unterteilt, die die drei Hauptabschnitte im Leben von Ostad Elahi widerspiegeln:<\/p>\n<\/div><div class=\"fusion-clearfix\"><\/div><\/div><\/div><div class=\"fusion-layout-column fusion_builder_column fusion-builder-column-1 fusion_builder_column_1_1 1_1 fusion-one-full fusion-column-first fusion-column-last\" style=\"--awb-bg-size:cover;--awb-border-color:#ffffff;--awb-border-top:40px;--awb-border-right:40px;--awb-border-bottom:40px;--awb-border-left:40px;--awb-border-style:solid;\"><div class=\"fusion-column-wrapper fusion-flex-column-wrapper-legacy\"><div class=\"fusion-image-element fusion-image-align-center in-legacy-container\" style=\"text-align:center;--awb-caption-title-size:var(--h2_typography-font-size);--awb-caption-title-transform:var(--h2_typography-text-transform);--awb-caption-title-line-height:var(--h2_typography-line-height);--awb-caption-title-letter-spacing:var(--h2_typography-letter-spacing);\"><div class=\"imageframe-align-center\"><span class=\" fusion-imageframe imageframe-none imageframe-1 hover-type-none\" style=\"border:1px solid #d6d6d6;\"><img decoding=\"async\" width=\"1698\" height=\"916\" src=\"https:\/\/ostadelahi.com\/wp-content\/uploads\/expo-dawn-a.jpg\" alt class=\"img-responsive wp-image-9531\" srcset=\"https:\/\/ostadelahi.com\/wp-content\/uploads\/expo-dawn-a-200x108.jpg 200w, https:\/\/ostadelahi.com\/wp-content\/uploads\/expo-dawn-a-400x216.jpg 400w, https:\/\/ostadelahi.com\/wp-content\/uploads\/expo-dawn-a-600x324.jpg 600w, https:\/\/ostadelahi.com\/wp-content\/uploads\/expo-dawn-a-800x432.jpg 800w, https:\/\/ostadelahi.com\/wp-content\/uploads\/expo-dawn-a-1200x647.jpg 1200w, https:\/\/ostadelahi.com\/wp-content\/uploads\/expo-dawn-a.jpg 1698w\" sizes=\"(max-width: 640px) 100vw, 1200px\" \/><\/span><\/div><\/div><div class=\"fusion-sep-clear\"><\/div><div class=\"fusion-separator fusion-full-width-sep\" style=\"margin-left: auto;margin-right: auto;margin-top:10px;width:100%;\"><\/div><div class=\"fusion-sep-clear\"><\/div><div class=\"fusion-text fusion-text-2\"><p><strong>D\u00e4mmerung (1895-1920)<\/strong>: Dieser Abschnitt war der Kindheit und Jugend von Ostad Elahi gewidmet \u2013 einer Zeit, in der er sich g\u00e4nzlich der Kontemplation, den Studien, dem Gebet und der Musik verschrieben hatte. Am Ende dieses Rundgangs sind in einer Vitrine die zum Zopf geflochtenen Haare von Ostad ausgestellt, die ihm im Alter von 34 Jahren geschnitten wurden \u2013 ein symbolischer Akt, der den R\u00fcckzug aus dem mystischen Leben markiert.<\/p>\n<\/div><div class=\"fusion-sep-clear\"><\/div><div class=\"fusion-separator fusion-full-width-sep\" style=\"margin-left: auto;margin-right: auto;margin-bottom:40px;width:100%;\"><\/div><div class=\"fusion-sep-clear\"><\/div><div class=\"fusion-image-element fusion-image-align-center in-legacy-container\" style=\"text-align:center;--awb-caption-title-size:var(--h2_typography-font-size);--awb-caption-title-transform:var(--h2_typography-text-transform);--awb-caption-title-line-height:var(--h2_typography-line-height);--awb-caption-title-letter-spacing:var(--h2_typography-letter-spacing);\"><div class=\"imageframe-align-center\"><span class=\" fusion-imageframe imageframe-none imageframe-2 hover-type-none\" style=\"border:1px solid #d6d6d6;\"><img decoding=\"async\" width=\"1698\" height=\"916\" src=\"https:\/\/ostadelahi.com\/wp-content\/uploads\/expo-rising-sun-a.jpg\" alt class=\"img-responsive wp-image-9535\" srcset=\"https:\/\/ostadelahi.com\/wp-content\/uploads\/expo-rising-sun-a-200x108.jpg 200w, https:\/\/ostadelahi.com\/wp-content\/uploads\/expo-rising-sun-a-400x216.jpg 400w, https:\/\/ostadelahi.com\/wp-content\/uploads\/expo-rising-sun-a-600x324.jpg 600w, https:\/\/ostadelahi.com\/wp-content\/uploads\/expo-rising-sun-a-800x432.jpg 800w, https:\/\/ostadelahi.com\/wp-content\/uploads\/expo-rising-sun-a-1200x647.jpg 1200w, https:\/\/ostadelahi.com\/wp-content\/uploads\/expo-rising-sun-a.jpg 1698w\" sizes=\"(max-width: 640px) 100vw, 1200px\" \/><\/span><\/div><\/div><div class=\"fusion-sep-clear\"><\/div><div class=\"fusion-separator fusion-full-width-sep\" style=\"margin-left: auto;margin-right: auto;margin-top:10px;width:100%;\"><\/div><div class=\"fusion-sep-clear\"><\/div><div class=\"fusion-text fusion-text-3\"><p><strong>Sonnenaufgang (1920-1957)<\/strong>: Dieser Abschnitt f\u00fchrt in die entscheidende Lebensperiode von Ostad Elahi ein, in der er beschlossen hatte, mit der Methode der klassischen Mystik zu brechen, die von asketischer Praxis und Kontemplation gepr\u00e4gt war, und sich stattdessen einem aktiven Leben inmitten der Gesellschaft zuzuwenden. Und so wurde er Richter und stellte f\u00fcr die nachfolgenden 27 Jahre sein Leben in den Dienst der Justiz.<\/p>\n<\/div><div class=\"fusion-sep-clear\"><\/div><div class=\"fusion-separator fusion-full-width-sep\" style=\"margin-left: auto;margin-right: auto;margin-bottom:40px;width:100%;\"><\/div><div class=\"fusion-sep-clear\"><\/div><div class=\"fusion-image-element fusion-image-align-center in-legacy-container\" style=\"text-align:center;--awb-caption-title-size:var(--h2_typography-font-size);--awb-caption-title-transform:var(--h2_typography-text-transform);--awb-caption-title-line-height:var(--h2_typography-line-height);--awb-caption-title-letter-spacing:var(--h2_typography-letter-spacing);\"><div class=\"imageframe-align-center\"><span class=\" fusion-imageframe imageframe-none imageframe-3 hover-type-none\" style=\"border:1px solid #d6d6d6;\"><img decoding=\"async\" width=\"1698\" height=\"916\" src=\"https:\/\/ostadelahi.com\/wp-content\/uploads\/expo-full-sun-a.jpg\" alt class=\"img-responsive wp-image-9540\" srcset=\"https:\/\/ostadelahi.com\/wp-content\/uploads\/expo-full-sun-a-200x108.jpg 200w, https:\/\/ostadelahi.com\/wp-content\/uploads\/expo-full-sun-a-400x216.jpg 400w, https:\/\/ostadelahi.com\/wp-content\/uploads\/expo-full-sun-a-600x324.jpg 600w, https:\/\/ostadelahi.com\/wp-content\/uploads\/expo-full-sun-a-800x432.jpg 800w, https:\/\/ostadelahi.com\/wp-content\/uploads\/expo-full-sun-a-1200x647.jpg 1200w, https:\/\/ostadelahi.com\/wp-content\/uploads\/expo-full-sun-a.jpg 1698w\" sizes=\"(max-width: 640px) 100vw, 1200px\" \/><\/span><\/div><\/div><div class=\"fusion-sep-clear\"><\/div><div class=\"fusion-separator fusion-full-width-sep\" style=\"margin-left: auto;margin-right: auto;margin-top:10px;width:100%;\"><\/div><div class=\"fusion-sep-clear\"><\/div><div class=\"fusion-text fusion-text-4\"><p><strong>Mittagssonne (1957-1974)<\/strong>: Dieser letzte Abschnitt deckt die Periode ab, in der Ostad Elahi, nachdem er in den Ruhestand gegangen war, sich verst\u00e4rkt der Musik widmete, mehrere Schriftst\u00fccke verfasste und Besucher aus aller Welt empfing.<\/p>\n<\/div><div class=\"fusion-clearfix\"><\/div><\/div><\/div><div class=\"fusion-layout-column fusion_builder_column fusion-builder-column-2 fusion_builder_column_1_1 1_1 fusion-one-full fusion-column-first fusion-column-last\" style=\"--awb-bg-size:cover;\"><div class=\"fusion-column-wrapper fusion-flex-column-wrapper-legacy\"><div class=\"fusion-text fusion-text-5\"><p>Jeder dieser Lebensabschnitte wurde in der Ausstellung untermalt durch Texte, Fotografien, autobiografische Geschichten und pers\u00f6nliche Gegenst\u00e4nde; all diese Objekte erlaubten dem Besucher, sich nach und nach mit der Pers\u00f6nlichkeit von Ostad Elahi vertraut zu machen. Unter den Ausstellungsobjekten konnte man unter anderem die traditionellen Waffen und Ausr\u00fcstungsgegenst\u00e4nde der Derwische aus dem 19. Jahrhundert bewundern, Kalligraphien und das entsprechende Zubeh\u00f6r, antike Manuskripte sowie philosophische, theologische und literarische Arbeiten von Ostad Elahi.<\/p>\n<p>Ein weiterer Raum stand den Besuchern speziell f\u00fcr die Musik offen: Dort war das erste Mal in der \u00d6ffentlichkeit Ostad Elahis Tanburspiel zu h\u00f6ren. Ein bedeutender Teil der Sammlung von Musikinstrumenten, die Ostad und seinem Vater geh\u00f6rten, war ebenfalls dort zu sehen, darunter Tanbur, Setar, Daf und weitere Instrumente.<\/p>\n<p>Einen virtuellen Rundgang durch die Ausstellung kann man auf dieser Webseite unternehmen: <a href=\"http:\/\/www.ostadexpo.com\/ExpoTour\" target=\"_blank\" rel=\"noopener\">http:\/\/www.ostadexpo.com\/ExpoTour<\/a><\/p>\n<\/div><div class=\"fusion-clearfix\"><\/div><\/div><\/div><\/div><\/div>\n","protected":false},"excerpt":{"rendered":"","protected":false},"author":1,"featured_media":0,"parent":2078,"menu_order":3,"comment_status":"open","ping_status":"closed","template":"side-navigation.php","meta":{"footnotes":""},"class_list":["post-1538","page","type-page","status-publish","hentry"],"yoast_head":"<!-- This site is optimized with the Yoast SEO plugin v20.3 - https:\/\/yoast.com\/wordpress\/plugins\/seo\/ -->\n<title>Hundertjahrfeier - Ostad Elahi<\/title>\n<meta name=\"robots\" content=\"index, follow, max-snippet:-1, max-image-preview:large, max-video-preview:-1\" \/>\n<link rel=\"canonical\" href=\"https:\/\/ostadelahi.com\/life\/exhibitions\/centennial\/\" \/>\n<meta property=\"og:locale\" content=\"de_DE\" \/>\n<meta property=\"og:type\" content=\"article\" \/>\n<meta property=\"og:title\" content=\"Hundertjahrfeier - Ostad Elahi\" \/>\n<meta property=\"og:url\" content=\"https:\/\/ostadelahi.com\/life\/exhibitions\/centennial\/\" \/>\n<meta property=\"og:site_name\" content=\"Ostad Elahi\" \/>\n<meta property=\"article:modified_time\" content=\"2023-03-18T19:40:04+00:00\" \/>\n<meta name=\"twitter:card\" content=\"summary_large_image\" \/>\n<meta name=\"twitter:label1\" content=\"Gesch\u00e4tzte Lesezeit\" \/>\n\t<meta name=\"twitter:data1\" content=\"4\u00a0Minuten\" \/>\n<script type=\"application\/ld+json\" class=\"yoast-schema-graph\">{\"@context\":\"https:\/\/schema.org\",\"@graph\":[{\"@type\":\"WebPage\",\"@id\":\"https:\/\/ostadelahi.com\/life\/exhibitions\/centennial\/\",\"url\":\"https:\/\/ostadelahi.com\/life\/exhibitions\/centennial\/\",\"name\":\"Hundertjahrfeier - Ostad Elahi\",\"isPartOf\":{\"@id\":\"https:\/\/ostadelahi.com\/#website\"},\"datePublished\":\"2013-01-21T08:29:10+00:00\",\"dateModified\":\"2023-03-18T19:40:04+00:00\",\"breadcrumb\":{\"@id\":\"https:\/\/ostadelahi.com\/life\/exhibitions\/centennial\/#breadcrumb\"},\"inLanguage\":\"de\",\"potentialAction\":[{\"@type\":\"ReadAction\",\"target\":[\"https:\/\/ostadelahi.com\/life\/exhibitions\/centennial\/\"]}]},{\"@type\":\"BreadcrumbList\",\"@id\":\"https:\/\/ostadelahi.com\/life\/exhibitions\/centennial\/#breadcrumb\",\"itemListElement\":[{\"@type\":\"ListItem\",\"position\":1,\"name\":\"Home\",\"item\":\"https:\/\/ostadelahi.com\/de\/\"},{\"@type\":\"ListItem\",\"position\":2,\"name\":\"Leben\",\"item\":\"https:\/\/ostadelahi.com\/life\/\"},{\"@type\":\"ListItem\",\"position\":3,\"name\":\"Ausstellungen\",\"item\":\"https:\/\/ostadelahi.com\/life\/exhibitions\/\"},{\"@type\":\"ListItem\",\"position\":4,\"name\":\"Hundertjahrfeier\"}]},{\"@type\":\"WebSite\",\"@id\":\"https:\/\/ostadelahi.com\/#website\",\"url\":\"https:\/\/ostadelahi.com\/\",\"name\":\"Ostad Elahi\",\"description\":\"The official website on the life, work, and music of Ostad Elahi (1895-1974).\",\"potentialAction\":[{\"@type\":\"SearchAction\",\"target\":{\"@type\":\"EntryPoint\",\"urlTemplate\":\"https:\/\/ostadelahi.com\/?s={search_term_string}\"},\"query-input\":\"required name=search_term_string\"}],\"inLanguage\":\"de\"}]}<\/script>\n<!-- \/ Yoast SEO plugin. -->","yoast_head_json":{"title":"Hundertjahrfeier - Ostad Elahi","robots":{"index":"index","follow":"follow","max-snippet":"max-snippet:-1","max-image-preview":"max-image-preview:large","max-video-preview":"max-video-preview:-1"},"canonical":"https:\/\/ostadelahi.com\/life\/exhibitions\/centennial\/","og_locale":"de_DE","og_type":"article","og_title":"Hundertjahrfeier - Ostad Elahi","og_url":"https:\/\/ostadelahi.com\/life\/exhibitions\/centennial\/","og_site_name":"Ostad Elahi","article_modified_time":"2023-03-18T19:40:04+00:00","twitter_card":"summary_large_image","twitter_misc":{"Gesch\u00e4tzte Lesezeit":"4\u00a0Minuten"},"schema":{"@context":"https:\/\/schema.org","@graph":[{"@type":"WebPage","@id":"https:\/\/ostadelahi.com\/life\/exhibitions\/centennial\/","url":"https:\/\/ostadelahi.com\/life\/exhibitions\/centennial\/","name":"Hundertjahrfeier - Ostad Elahi","isPartOf":{"@id":"https:\/\/ostadelahi.com\/#website"},"datePublished":"2013-01-21T08:29:10+00:00","dateModified":"2023-03-18T19:40:04+00:00","breadcrumb":{"@id":"https:\/\/ostadelahi.com\/life\/exhibitions\/centennial\/#breadcrumb"},"inLanguage":"de","potentialAction":[{"@type":"ReadAction","target":["https:\/\/ostadelahi.com\/life\/exhibitions\/centennial\/"]}]},{"@type":"BreadcrumbList","@id":"https:\/\/ostadelahi.com\/life\/exhibitions\/centennial\/#breadcrumb","itemListElement":[{"@type":"ListItem","position":1,"name":"Home","item":"https:\/\/ostadelahi.com\/de\/"},{"@type":"ListItem","position":2,"name":"Leben","item":"https:\/\/ostadelahi.com\/life\/"},{"@type":"ListItem","position":3,"name":"Ausstellungen","item":"https:\/\/ostadelahi.com\/life\/exhibitions\/"},{"@type":"ListItem","position":4,"name":"Hundertjahrfeier"}]},{"@type":"WebSite","@id":"https:\/\/ostadelahi.com\/#website","url":"https:\/\/ostadelahi.com\/","name":"Ostad Elahi","description":"The official website on the life, work, and music of Ostad Elahi (1895-1974).","potentialAction":[{"@type":"SearchAction","target":{"@type":"EntryPoint","urlTemplate":"https:\/\/ostadelahi.com\/?s={search_term_string}"},"query-input":"required name=search_term_string"}],"inLanguage":"de"}]}},"_links":{"self":[{"href":"https:\/\/ostadelahi.com\/de\/wp-json\/wp\/v2\/pages\/1538","targetHints":{"allow":["GET"]}}],"collection":[{"href":"https:\/\/ostadelahi.com\/de\/wp-json\/wp\/v2\/pages"}],"about":[{"href":"https:\/\/ostadelahi.com\/de\/wp-json\/wp\/v2\/types\/page"}],"author":[{"embeddable":true,"href":"https:\/\/ostadelahi.com\/de\/wp-json\/wp\/v2\/users\/1"}],"replies":[{"embeddable":true,"href":"https:\/\/ostadelahi.com\/de\/wp-json\/wp\/v2\/comments?post=1538"}],"version-history":[{"count":7,"href":"https:\/\/ostadelahi.com\/de\/wp-json\/wp\/v2\/pages\/1538\/revisions"}],"predecessor-version":[{"id":12391,"href":"https:\/\/ostadelahi.com\/de\/wp-json\/wp\/v2\/pages\/1538\/revisions\/12391"}],"up":[{"embeddable":true,"href":"https:\/\/ostadelahi.com\/de\/wp-json\/wp\/v2\/pages\/2078"}],"wp:attachment":[{"href":"https:\/\/ostadelahi.com\/de\/wp-json\/wp\/v2\/media?parent=1538"}],"curies":[{"name":"wp","href":"https:\/\/api.w.org\/{rel}","templated":true}]}}